{"id":3093,"date":"2026-02-26T16:33:51","date_gmt":"2026-02-26T21:33:51","guid":{"rendered":"https:\/\/corporacionlyceumeducar.ec\/Inicio\/?page_id=3093"},"modified":"2026-02-26T16:46:15","modified_gmt":"2026-02-26T21:46:15","slug":"periodismo-digital","status":"publish","type":"page","link":"https:\/\/corporacionlyceumeducar.ec\/Inicio\/periodismo-digital\/","title":{"rendered":"Periodismo Digital"},"content":{"rendered":"\t\t<div data-elementor-type=\"wp-page\" data-elementor-id=\"3093\" class=\"elementor elementor-3093\">\n\t\t\t\t\t\t<section class=\"elementor-section elementor-top-section elementor-element elementor-element-48cd9fa elementor-section-boxed elementor-section-height-default elementor-section-height-default\" data-id=\"48cd9fa\" data-element_type=\"section\" data-e-type=\"section\" data-settings=\"{&quot;background_background&quot;:&quot;classic&quot;}\">\n\t\t\t\t\t\t<div class=\"elementor-container elementor-column-gap-default\">\n\t\t\t\t\t<div class=\"elementor-column elementor-col-100 elementor-top-column elementor-element elementor-element-3d84bb1\" data-id=\"3d84bb1\" data-element_type=\"column\" data-e-type=\"column\">\n\t\t\t<div class=\"elementor-widget-wrap elementor-element-populated\">\n\t\t\t\t\t\t\t<\/div>\n\t\t<\/div>\n\t\t\t\t\t<\/div>\n\t\t<\/section>\n\t\t\t\t<section class=\"elementor-section elementor-top-section elementor-element elementor-element-2a27dbe elementor-section-boxed elementor-section-height-default elementor-section-height-default\" data-id=\"2a27dbe\" data-element_type=\"section\" data-e-type=\"section\">\n\t\t\t\t\t\t<div class=\"elementor-container elementor-column-gap-default\">\n\t\t\t\t\t<div class=\"elementor-column elementor-col-50 elementor-top-column elementor-element elementor-element-6b50655\" data-id=\"6b50655\" data-element_type=\"column\" data-e-type=\"column\">\n\t\t\t<div class=\"elementor-widget-wrap elementor-element-populated\">\n\t\t\t\t\t\t<div class=\"elementor-element elementor-element-c6c1f33 elementor-widget elementor-widget-heading\" data-id=\"c6c1f33\" data-element_type=\"widget\" data-e-type=\"widget\" data-widget_type=\"heading.default\">\n\t\t\t\t<div class=\"elementor-widget-container\">\n\t\t\t\t\t<h2 class=\"elementor-heading-title elementor-size-default\">Descripci\u00f3n de la carrera<\/h2>\t\t\t\t<\/div>\n\t\t\t\t<\/div>\n\t\t\t\t<div class=\"elementor-element elementor-element-7b75a89 elementor-widget elementor-widget-text-editor\" data-id=\"7b75a89\" data-element_type=\"widget\" data-e-type=\"widget\" data-widget_type=\"text-editor.default\">\n\t\t\t\t<div class=\"elementor-widget-container\">\n\t\t\t\t\t\t\t\t\t<p>La Licenciatura en Administraci\u00f3n de Empresas con menci\u00f3n en Gesti\u00f3n de Talento Humano\u00a0<mark class=\"HxTRcb\" data-processed=\"true\">forma profesionales estrat\u00e9gicos dedicados a atraer, desarrollar, motivar y retener al personal, optimizando el capital humano para alcanzar los objetivos organizacionales<\/mark>. Combina la administraci\u00f3n moderna con herramientas innovadoras para liderar equipos, gestionar el clima laboral, la cultura organizacional, selecci\u00f3n, capacitaci\u00f3n y compensaciones.<span class=\"uJ19be notranslate\" data-wiz-uids=\"Q5pKLc_c,Q5pKLc_d\" data-processed=\"true\"><span class=\"vKEkVd\" data-animation-atomic=\"\" data-wiz-attrbind=\"class=Q5pKLc_b\/TKHnVd\" data-processed=\"true\"><span aria-hidden=\"true\" data-processed=\"true\">\u00a0<\/span><\/span><\/span><\/p>\t\t\t\t\t\t\t\t<\/div>\n\t\t\t\t<\/div>\n\t\t\t\t<div class=\"elementor-element elementor-element-547294c elementor-position-top elementor-widget elementor-widget-image-box\" data-id=\"547294c\" data-element_type=\"widget\" data-e-type=\"widget\" data-widget_type=\"image-box.default\">\n\t\t\t\t<div class=\"elementor-widget-container\">\n\t\t\t\t\t<div class=\"elementor-image-box-wrapper\"><figure class=\"elementor-image-box-img\"><img fetchpriority=\"high\" decoding=\"async\" width=\"1080\" height=\"1080\" src=\"https:\/\/corporacionlyceumeducar.ec\/Inicio\/wp-content\/uploads\/2026\/02\/CERTIFICADO-LABORAL.png\" class=\"attachment-full size-full wp-image-2846\" alt=\"\" srcset=\"https:\/\/corporacionlyceumeducar.ec\/Inicio\/wp-content\/uploads\/2026\/02\/CERTIFICADO-LABORAL.png 1080w, https:\/\/corporacionlyceumeducar.ec\/Inicio\/wp-content\/uploads\/2026\/02\/CERTIFICADO-LABORAL-300x300.png 300w, https:\/\/corporacionlyceumeducar.ec\/Inicio\/wp-content\/uploads\/2026\/02\/CERTIFICADO-LABORAL-150x150.png 150w, https:\/\/corporacionlyceumeducar.ec\/Inicio\/wp-content\/uploads\/2026\/02\/CERTIFICADO-LABORAL-768x768.png 768w\" sizes=\"(max-width: 1080px) 100vw, 1080px\" \/><\/figure><div class=\"elementor-image-box-content\"><h3 class=\"elementor-image-box-title\">T\u00edtulo a obtener<\/h3><p class=\"elementor-image-box-description\">Licenciatura en Administraci\u00f3n de Empresas Gesti\u00f3n de Talento Humano<\/p><\/div><\/div>\t\t\t\t<\/div>\n\t\t\t\t<\/div>\n\t\t\t\t\t<\/div>\n\t\t<\/div>\n\t\t\t\t<div class=\"elementor-column elementor-col-50 elementor-top-column elementor-element elementor-element-8b909b9\" data-id=\"8b909b9\" data-element_type=\"column\" data-e-type=\"column\">\n\t\t\t<div class=\"elementor-widget-wrap elementor-element-populated\">\n\t\t\t\t\t\t<div class=\"elementor-element elementor-element-2049264 elementor-widget elementor-widget-wpforms\" data-id=\"2049264\" data-element_type=\"widget\" data-e-type=\"widget\" data-widget_type=\"wpforms.default\">\n\t\t\t\t<div class=\"elementor-widget-container\">\n\t\t\t\t\t<div class=\"wpforms-container wpforms-container-full wpforms-render-modern\" id=\"wpforms-2874\"><form id=\"wpforms-form-2874\" class=\"wpforms-validate wpforms-form wpforms-ajax-form\" data-formid=\"2874\" method=\"post\" enctype=\"multipart\/form-data\" action=\"\/Inicio\/wp-json\/wp\/v2\/pages\/3093\" data-token=\"1fa670f3595e57cbab5314ca163eec97\" data-token-time=\"1777609003\"><noscript class=\"wpforms-error-noscript\">Por favor, activa JavaScript en tu navegador para completar este formulario.<\/noscript><div id=\"wpforms-error-noscript\" style=\"display: none;\">Por favor, activa JavaScript en tu navegador para completar este formulario.<\/div><div class=\"wpforms-field-container\"><div id=\"wpforms-2874-field_1-container\" class=\"wpforms-field wpforms-field-name\" data-field-id=\"1\"><fieldset><legend class=\"wpforms-field-label\">Nombre <span class=\"wpforms-required-label\" aria-hidden=\"true\">*<\/span><\/legend><div class=\"wpforms-field-row wpforms-field-medium\"><div class=\"wpforms-field-row-block wpforms-first wpforms-one-half\"><input type=\"text\" id=\"wpforms-2874-field_1\" class=\"wpforms-field-name-first wpforms-field-required\" name=\"wpforms[fields][1][first]\" aria-errormessage=\"wpforms-2874-field_1-error\" required><label for=\"wpforms-2874-field_1\" class=\"wpforms-field-sublabel after\">Nombre<\/label><\/div><div class=\"wpforms-field-row-block wpforms-one-half\"><input type=\"text\" id=\"wpforms-2874-field_1-last\" class=\"wpforms-field-name-last wpforms-field-required\" name=\"wpforms[fields][1][last]\" aria-errormessage=\"wpforms-2874-field_1-last-error\" required><label for=\"wpforms-2874-field_1-last\" class=\"wpforms-field-sublabel after\">Apellidos<\/label><\/div><\/div><\/fieldset><\/div>\t\t<div id=\"wpforms-2874-field_4-container\"\n\t\t\tclass=\"wpforms-field wpforms-field-text\"\n\t\t\tdata-field-type=\"text\"\n\t\t\tdata-field-id=\"4\"\n\t\t\t>\n\t\t\t<label class=\"wpforms-field-label\" for=\"wpforms-2874-field_4\" >electr\u00f3nico Correo mensaje<\/label>\n\t\t\t<input type=\"text\" id=\"wpforms-2874-field_4\" class=\"wpforms-field-medium\" name=\"wpforms[fields][4]\" >\n\t\t<\/div>\n\t\t<div id=\"wpforms-2874-field_2-container\" class=\"wpforms-field wpforms-field-email\" data-field-id=\"2\"><label class=\"wpforms-field-label\" for=\"wpforms-2874-field_2\">Correo electr\u00f3nico <span class=\"wpforms-required-label\" aria-hidden=\"true\">*<\/span><\/label><input type=\"email\" id=\"wpforms-2874-field_2\" class=\"wpforms-field-medium wpforms-field-required\" name=\"wpforms[fields][2]\" spellcheck=\"false\" aria-errormessage=\"wpforms-2874-field_2-error\" required><\/div><div id=\"wpforms-2874-field_3-container\" class=\"wpforms-field wpforms-field-textarea\" data-field-id=\"3\"><label class=\"wpforms-field-label\" for=\"wpforms-2874-field_3\">Comentario o mensaje<\/label><textarea id=\"wpforms-2874-field_3\" class=\"wpforms-field-medium\" name=\"wpforms[fields][3]\" aria-errormessage=\"wpforms-2874-field_3-error\" ><\/textarea><\/div><script>\n\t\t\t\t( function() {\n\t\t\t\t\tconst style = document.createElement( 'style' );\n\t\t\t\t\tstyle.appendChild( document.createTextNode( '#wpforms-2874-field_4-container { position: absolute !important; overflow: hidden !important; display: inline !important; height: 1px !important; width: 1px !important; z-index: -1000 !important; padding: 0 !important; } #wpforms-2874-field_4-container input { visibility: hidden; } #wpforms-conversational-form-page #wpforms-2874-field_4-container label { counter-increment: none; }' ) );\n\t\t\t\t\tdocument.head.appendChild( style );\n\t\t\t\t\tdocument.currentScript?.remove();\n\t\t\t\t} )();\n\t\t\t<\/script><\/div><!-- .wpforms-field-container --><div class=\"wpforms-submit-container\" ><input type=\"hidden\" name=\"wpforms[id]\" value=\"2874\"><input type=\"hidden\" name=\"page_title\" value=\"\"><input type=\"hidden\" name=\"page_url\" value=\"https:\/\/corporacionlyceumeducar.ec\/Inicio\/wp-json\/wp\/v2\/pages\/3093\"><input type=\"hidden\" name=\"url_referer\" value=\"\"><button type=\"submit\" name=\"wpforms[submit]\" id=\"wpforms-submit-2874\" class=\"wpforms-submit\" data-alt-text=\"Enviando...\" data-submit-text=\"Enviar\" aria-live=\"assertive\" value=\"wpforms-submit\">Enviar<\/button><img decoding=\"async\" src=\"https:\/\/corporacionlyceumeducar.ec\/Inicio\/wp-content\/plugins\/wpforms-lite\/assets\/images\/submit-spin.svg\" class=\"wpforms-submit-spinner\" style=\"display: none;\" width=\"26\" height=\"26\" alt=\"Cargando\"><\/div><\/form><\/div>  <!-- .wpforms-container -->\t\t\t\t<\/div>\n\t\t\t\t<\/div>\n\t\t\t\t\t<\/div>\n\t\t<\/div>\n\t\t\t\t\t<\/div>\n\t\t<\/section>\n\t\t\t\t<section class=\"elementor-section elementor-top-section elementor-element elementor-element-c4f55da elementor-section-boxed elementor-section-height-default elementor-section-height-default\" data-id=\"c4f55da\" data-element_type=\"section\" data-e-type=\"section\" data-settings=\"{&quot;background_background&quot;:&quot;classic&quot;}\">\n\t\t\t\t\t\t<div class=\"elementor-container elementor-column-gap-default\">\n\t\t\t\t\t<div class=\"elementor-column elementor-col-100 elementor-top-column elementor-element elementor-element-1e1311b\" data-id=\"1e1311b\" data-element_type=\"column\" data-e-type=\"column\">\n\t\t\t<div class=\"elementor-widget-wrap elementor-element-populated\">\n\t\t\t\t\t\t<div class=\"elementor-element elementor-element-8820855 elementor-widget elementor-widget-heading\" data-id=\"8820855\" data-element_type=\"widget\" data-e-type=\"widget\" data-widget_type=\"heading.default\">\n\t\t\t\t<div class=\"elementor-widget-container\">\n\t\t\t\t\t<h2 class=\"elementor-heading-title elementor-size-default\">Aspectos clave de la formaci\u00f3n<\/h2>\t\t\t\t<\/div>\n\t\t\t\t<\/div>\n\t\t\t\t\t<\/div>\n\t\t<\/div>\n\t\t\t\t\t<\/div>\n\t\t<\/section>\n\t\t\t\t<section class=\"elementor-section elementor-top-section elementor-element elementor-element-3863ad3 elementor-section-boxed elementor-section-height-default elementor-section-height-default\" data-id=\"3863ad3\" data-element_type=\"section\" data-e-type=\"section\" data-settings=\"{&quot;background_background&quot;:&quot;classic&quot;}\">\n\t\t\t\t\t\t<div class=\"elementor-container elementor-column-gap-default\">\n\t\t\t\t\t<div class=\"elementor-column elementor-col-50 elementor-top-column elementor-element elementor-element-a32cc40\" data-id=\"a32cc40\" data-element_type=\"column\" data-e-type=\"column\">\n\t\t\t<div class=\"elementor-widget-wrap elementor-element-populated\">\n\t\t\t\t\t\t<div class=\"elementor-element elementor-element-c7f91a5 elementor-widget elementor-widget-heading\" data-id=\"c7f91a5\" data-element_type=\"widget\" data-e-type=\"widget\" data-widget_type=\"heading.default\">\n\t\t\t\t<div class=\"elementor-widget-container\">\n\t\t\t\t\t<h2 class=\"elementor-heading-title elementor-size-default\">Perfil del Egresado<\/h2>\t\t\t\t<\/div>\n\t\t\t\t<\/div>\n\t\t\t\t<div class=\"elementor-element elementor-element-d26cc04 elementor-widget elementor-widget-text-editor\" data-id=\"d26cc04\" data-element_type=\"widget\" data-e-type=\"widget\" data-widget_type=\"text-editor.default\">\n\t\t\t\t<div class=\"elementor-widget-container\">\n\t\t\t\t\t\t\t\t\t<ul class=\"KsbFXc U6u95\" data-processed=\"true\"><li class=\"dF3vjf\" data-hveid=\"CAMQAA\" data-processed=\"true\"><span class=\"T286Pc\" data-sfc-cp=\"\" data-processed=\"true\"><strong class=\"Yjhzub\" data-processed=\"true\">Gesti\u00f3n Estrat\u00e9gica:<\/strong>\u00a0Capacidad para alinear la gesti\u00f3n de personas con los objetivos de la organizaci\u00f3n, promoviendo la mejora continua y el bienestar del colaborador.<\/span><\/li><li class=\"dF3vjf\" data-hveid=\"CAMQAQ\" data-processed=\"true\"><span class=\"T286Pc\" data-sfc-cp=\"\" data-processed=\"true\"><strong class=\"Yjhzub\" data-processed=\"true\">Desarrollo Organizacional:<\/strong>\u00a0Liderar cambios, cultura corporativa y gesti\u00f3n de conflictos, facilitando la adaptaci\u00f3n de los empleados.<\/span><\/li><li class=\"dF3vjf\" data-hveid=\"CAMQAg\" data-processed=\"true\"><span class=\"T286Pc\" data-sfc-cp=\"\" data-processed=\"true\"><strong class=\"Yjhzub\" data-processed=\"true\">Procesos de Recursos Humanos:<\/strong>\u00a0Dominio en selecci\u00f3n, inducci\u00f3n, capacitaci\u00f3n, desarrollo profesional y gesti\u00f3n de remuneraciones.<\/span><\/li><li class=\"dF3vjf\" data-hveid=\"CAMQAw\" data-processed=\"true\"><span class=\"T286Pc\" data-sfc-cp=\"\" data-processed=\"true\"><strong class=\"Yjhzub\" data-processed=\"true\">Toma de Decisiones basada en datos:<\/strong>\u00a0Utilizar m\u00e9tricas y sistemas de informaci\u00f3n de personal para resolver problemas y optimizar el desempe\u00f1o.<\/span><\/li><li class=\"dF3vjf\" data-hveid=\"CAMQBA\" data-processed=\"true\"><span class=\"T286Pc\" data-sfc-cp=\"\" data-processed=\"true\"><strong class=\"Yjhzub\" data-processed=\"true\">Habilidades Blandas y \u00c9tica:<\/strong>\u00a0Liderazgo, comunicaci\u00f3n efectiva, trabajo en equipo y responsabilidad social laboral<\/span><\/li><\/ul>\t\t\t\t\t\t\t\t<\/div>\n\t\t\t\t<\/div>\n\t\t\t\t\t<\/div>\n\t\t<\/div>\n\t\t\t\t<div class=\"elementor-column elementor-col-50 elementor-top-column elementor-element elementor-element-0ad1f45\" data-id=\"0ad1f45\" data-element_type=\"column\" data-e-type=\"column\">\n\t\t\t<div class=\"elementor-widget-wrap elementor-element-populated\">\n\t\t\t\t\t\t<div class=\"elementor-element elementor-element-1bf0a84 elementor-widget elementor-widget-heading\" data-id=\"1bf0a84\" data-element_type=\"widget\" data-e-type=\"widget\" data-widget_type=\"heading.default\">\n\t\t\t\t<div class=\"elementor-widget-container\">\n\t\t\t\t\t<h2 class=\"elementor-heading-title elementor-size-default\">Campo Laboral<\/h2>\t\t\t\t<\/div>\n\t\t\t\t<\/div>\n\t\t\t\t<div class=\"elementor-element elementor-element-3c45e0e elementor-widget elementor-widget-text-editor\" data-id=\"3c45e0e\" data-element_type=\"widget\" data-e-type=\"widget\" data-widget_type=\"text-editor.default\">\n\t\t\t\t<div class=\"elementor-widget-container\">\n\t\t\t\t\t\t\t\t\t<p>Los graduados pueden trabajar en empresas p\u00fablicas o privadas de cualquier sector, como gerentes de recursos humanos, especialistas en selecci\u00f3n, analistas de compensaci\u00f3n, consultores de talento o coordinadores de cultura organizacional.<\/p>\t\t\t\t\t\t\t\t<\/div>\n\t\t\t\t<\/div>\n\t\t\t\t\t<\/div>\n\t\t<\/div>\n\t\t\t\t\t<\/div>\n\t\t<\/section>\n\t\t\t\t<section class=\"elementor-section elementor-top-section elementor-element elementor-element-c90e733 elementor-section-boxed elementor-section-height-default elementor-section-height-default\" data-id=\"c90e733\" data-element_type=\"section\" data-e-type=\"section\">\n\t\t\t\t\t\t<div class=\"elementor-container elementor-column-gap-default\">\n\t\t\t\t\t<div class=\"elementor-column elementor-col-100 elementor-top-column elementor-element elementor-element-cd86e6b\" data-id=\"cd86e6b\" data-element_type=\"column\" data-e-type=\"column\">\n\t\t\t<div class=\"elementor-widget-wrap elementor-element-populated\">\n\t\t\t\t\t\t<div class=\"elementor-element elementor-element-209cd57 elementor-widget elementor-widget-heading\" data-id=\"209cd57\" data-element_type=\"widget\" data-e-type=\"widget\" data-widget_type=\"heading.default\">\n\t\t\t\t<div class=\"elementor-widget-container\">\n\t\t\t\t\t<h2 class=\"elementor-heading-title elementor-size-default\">Metodolog\u00eda de Estudio<\/h2>\t\t\t\t<\/div>\n\t\t\t\t<\/div>\n\t\t\t\t\t<\/div>\n\t\t<\/div>\n\t\t\t\t\t<\/div>\n\t\t<\/section>\n\t\t\t\t<section class=\"elementor-section elementor-top-section elementor-element elementor-element-57b9d19 elementor-section-boxed elementor-section-height-default elementor-section-height-default\" data-id=\"57b9d19\" data-element_type=\"section\" data-e-type=\"section\">\n\t\t\t\t\t\t<div class=\"elementor-container elementor-column-gap-default\">\n\t\t\t\t\t<div class=\"elementor-column elementor-col-20 elementor-top-column elementor-element elementor-element-413ad0c\" data-id=\"413ad0c\" data-element_type=\"column\" data-e-type=\"column\">\n\t\t\t<div class=\"elementor-widget-wrap elementor-element-populated\">\n\t\t\t\t\t\t<div class=\"elementor-element elementor-element-4d90922 elementor-position-top elementor-widget elementor-widget-image-box\" data-id=\"4d90922\" data-element_type=\"widget\" data-e-type=\"widget\" data-widget_type=\"image-box.default\">\n\t\t\t\t<div class=\"elementor-widget-container\">\n\t\t\t\t\t<div class=\"elementor-image-box-wrapper\"><figure class=\"elementor-image-box-img\"><img decoding=\"async\" width=\"1080\" height=\"1080\" src=\"https:\/\/corporacionlyceumeducar.ec\/Inicio\/wp-content\/uploads\/2026\/02\/100-Online.png\" class=\"attachment-full size-full wp-image-2730\" alt=\"\" srcset=\"https:\/\/corporacionlyceumeducar.ec\/Inicio\/wp-content\/uploads\/2026\/02\/100-Online.png 1080w, https:\/\/corporacionlyceumeducar.ec\/Inicio\/wp-content\/uploads\/2026\/02\/100-Online-300x300.png 300w, https:\/\/corporacionlyceumeducar.ec\/Inicio\/wp-content\/uploads\/2026\/02\/100-Online-150x150.png 150w, https:\/\/corporacionlyceumeducar.ec\/Inicio\/wp-content\/uploads\/2026\/02\/100-Online-768x768.png 768w\" sizes=\"(max-width: 1080px) 100vw, 1080px\" \/><\/figure><div class=\"elementor-image-box-content\"><p class=\"elementor-image-box-description\">100% online<\/p><\/div><\/div>\t\t\t\t<\/div>\n\t\t\t\t<\/div>\n\t\t\t\t\t<\/div>\n\t\t<\/div>\n\t\t\t\t<div class=\"elementor-column elementor-col-20 elementor-top-column elementor-element elementor-element-97be231\" data-id=\"97be231\" data-element_type=\"column\" data-e-type=\"column\">\n\t\t\t<div class=\"elementor-widget-wrap elementor-element-populated\">\n\t\t\t\t\t\t<div class=\"elementor-element elementor-element-4b450e8 elementor-position-top elementor-widget elementor-widget-image-box\" data-id=\"4b450e8\" data-element_type=\"widget\" data-e-type=\"widget\" data-widget_type=\"image-box.default\">\n\t\t\t\t<div class=\"elementor-widget-container\">\n\t\t\t\t\t<div class=\"elementor-image-box-wrapper\"><figure class=\"elementor-image-box-img\"><img loading=\"lazy\" decoding=\"async\" width=\"1080\" height=\"1080\" src=\"https:\/\/corporacionlyceumeducar.ec\/Inicio\/wp-content\/uploads\/2026\/02\/Sin-horarios-fijos.png\" class=\"attachment-full size-full wp-image-2731\" alt=\"\" srcset=\"https:\/\/corporacionlyceumeducar.ec\/Inicio\/wp-content\/uploads\/2026\/02\/Sin-horarios-fijos.png 1080w, https:\/\/corporacionlyceumeducar.ec\/Inicio\/wp-content\/uploads\/2026\/02\/Sin-horarios-fijos-300x300.png 300w, https:\/\/corporacionlyceumeducar.ec\/Inicio\/wp-content\/uploads\/2026\/02\/Sin-horarios-fijos-150x150.png 150w, https:\/\/corporacionlyceumeducar.ec\/Inicio\/wp-content\/uploads\/2026\/02\/Sin-horarios-fijos-768x768.png 768w\" sizes=\"(max-width: 1080px) 100vw, 1080px\" \/><\/figure><div class=\"elementor-image-box-content\"><p class=\"elementor-image-box-description\">No requiere horarios fijos<\/p><\/div><\/div>\t\t\t\t<\/div>\n\t\t\t\t<\/div>\n\t\t\t\t\t<\/div>\n\t\t<\/div>\n\t\t\t\t<div class=\"elementor-column elementor-col-20 elementor-top-column elementor-element elementor-element-08be05c\" data-id=\"08be05c\" data-element_type=\"column\" data-e-type=\"column\">\n\t\t\t<div class=\"elementor-widget-wrap elementor-element-populated\">\n\t\t\t\t\t\t<div class=\"elementor-element elementor-element-9890a5e elementor-position-top elementor-widget elementor-widget-image-box\" data-id=\"9890a5e\" data-element_type=\"widget\" data-e-type=\"widget\" data-widget_type=\"image-box.default\">\n\t\t\t\t<div class=\"elementor-widget-container\">\n\t\t\t\t\t<div class=\"elementor-image-box-wrapper\"><figure class=\"elementor-image-box-img\"><img loading=\"lazy\" decoding=\"async\" width=\"1080\" height=\"1080\" src=\"https:\/\/corporacionlyceumeducar.ec\/Inicio\/wp-content\/uploads\/2026\/02\/Acompanamiento.png\" class=\"attachment-full size-full wp-image-2732\" alt=\"\" srcset=\"https:\/\/corporacionlyceumeducar.ec\/Inicio\/wp-content\/uploads\/2026\/02\/Acompanamiento.png 1080w, https:\/\/corporacionlyceumeducar.ec\/Inicio\/wp-content\/uploads\/2026\/02\/Acompanamiento-300x300.png 300w, https:\/\/corporacionlyceumeducar.ec\/Inicio\/wp-content\/uploads\/2026\/02\/Acompanamiento-150x150.png 150w, https:\/\/corporacionlyceumeducar.ec\/Inicio\/wp-content\/uploads\/2026\/02\/Acompanamiento-768x768.png 768w\" sizes=\"(max-width: 1080px) 100vw, 1080px\" \/><\/figure><div class=\"elementor-image-box-content\"><p class=\"elementor-image-box-description\">Acompa\u00f1amiento Educativo<\/p><\/div><\/div>\t\t\t\t<\/div>\n\t\t\t\t<\/div>\n\t\t\t\t\t<\/div>\n\t\t<\/div>\n\t\t\t\t<div class=\"elementor-column elementor-col-20 elementor-top-column elementor-element elementor-element-b701a18\" data-id=\"b701a18\" data-element_type=\"column\" data-e-type=\"column\">\n\t\t\t<div class=\"elementor-widget-wrap elementor-element-populated\">\n\t\t\t\t\t\t<div class=\"elementor-element elementor-element-51ab86e elementor-position-top elementor-widget elementor-widget-image-box\" data-id=\"51ab86e\" data-element_type=\"widget\" data-e-type=\"widget\" data-widget_type=\"image-box.default\">\n\t\t\t\t<div class=\"elementor-widget-container\">\n\t\t\t\t\t<div class=\"elementor-image-box-wrapper\"><figure class=\"elementor-image-box-img\"><img loading=\"lazy\" decoding=\"async\" width=\"1080\" height=\"1080\" src=\"https:\/\/corporacionlyceumeducar.ec\/Inicio\/wp-content\/uploads\/2026\/02\/Aprendizaje-Practico.png\" class=\"attachment-full size-full wp-image-2733\" alt=\"\" srcset=\"https:\/\/corporacionlyceumeducar.ec\/Inicio\/wp-content\/uploads\/2026\/02\/Aprendizaje-Practico.png 1080w, https:\/\/corporacionlyceumeducar.ec\/Inicio\/wp-content\/uploads\/2026\/02\/Aprendizaje-Practico-300x300.png 300w, https:\/\/corporacionlyceumeducar.ec\/Inicio\/wp-content\/uploads\/2026\/02\/Aprendizaje-Practico-150x150.png 150w, https:\/\/corporacionlyceumeducar.ec\/Inicio\/wp-content\/uploads\/2026\/02\/Aprendizaje-Practico-768x768.png 768w\" sizes=\"(max-width: 1080px) 100vw, 1080px\" \/><\/figure><div class=\"elementor-image-box-content\"><p class=\"elementor-image-box-description\">Aprendizaje Pr\u00e1ctico<\/p><\/div><\/div>\t\t\t\t<\/div>\n\t\t\t\t<\/div>\n\t\t\t\t\t<\/div>\n\t\t<\/div>\n\t\t\t\t<div class=\"elementor-column elementor-col-20 elementor-top-column elementor-element elementor-element-476fbbd\" data-id=\"476fbbd\" data-element_type=\"column\" data-e-type=\"column\">\n\t\t\t<div class=\"elementor-widget-wrap elementor-element-populated\">\n\t\t\t\t\t\t<div class=\"elementor-element elementor-element-fdae4e7 elementor-position-top elementor-widget elementor-widget-image-box\" data-id=\"fdae4e7\" data-element_type=\"widget\" data-e-type=\"widget\" data-widget_type=\"image-box.default\">\n\t\t\t\t<div class=\"elementor-widget-container\">\n\t\t\t\t\t<div class=\"elementor-image-box-wrapper\"><figure class=\"elementor-image-box-img\"><img loading=\"lazy\" decoding=\"async\" width=\"1080\" height=\"746\" src=\"https:\/\/corporacionlyceumeducar.ec\/Inicio\/wp-content\/uploads\/2026\/02\/AUDIOVISUAL.png\" class=\"attachment-2048x2048 size-2048x2048 wp-image-2879\" alt=\"\" srcset=\"https:\/\/corporacionlyceumeducar.ec\/Inicio\/wp-content\/uploads\/2026\/02\/AUDIOVISUAL.png 1080w, https:\/\/corporacionlyceumeducar.ec\/Inicio\/wp-content\/uploads\/2026\/02\/AUDIOVISUAL-300x207.png 300w, https:\/\/corporacionlyceumeducar.ec\/Inicio\/wp-content\/uploads\/2026\/02\/AUDIOVISUAL-768x530.png 768w\" sizes=\"(max-width: 1080px) 100vw, 1080px\" \/><\/figure><div class=\"elementor-image-box-content\"><p class=\"elementor-image-box-description\">Material audiovisual\nexplicativo<\/p><\/div><\/div>\t\t\t\t<\/div>\n\t\t\t\t<\/div>\n\t\t\t\t\t<\/div>\n\t\t<\/div>\n\t\t\t\t\t<\/div>\n\t\t<\/section>\n\t\t\t\t<section class=\"elementor-section elementor-top-section elementor-element elementor-element-b5ad8b6 elementor-section-boxed elementor-section-height-default elementor-section-height-default\" data-id=\"b5ad8b6\" data-element_type=\"section\" data-e-type=\"section\">\n\t\t\t\t\t\t<div class=\"elementor-container elementor-column-gap-default\">\n\t\t\t\t\t<div class=\"elementor-column elementor-col-100 elementor-top-column elementor-element elementor-element-dff7a51\" data-id=\"dff7a51\" data-element_type=\"column\" data-e-type=\"column\">\n\t\t\t<div class=\"elementor-widget-wrap elementor-element-populated\">\n\t\t\t\t\t\t<div class=\"elementor-element elementor-element-199f6c9 elementor-widget elementor-widget-heading\" data-id=\"199f6c9\" data-element_type=\"widget\" data-e-type=\"widget\" data-widget_type=\"heading.default\">\n\t\t\t\t<div class=\"elementor-widget-container\">\n\t\t\t\t\t<h2 class=\"elementor-heading-title elementor-size-default\">Requisitos<\/h2>\t\t\t\t<\/div>\n\t\t\t\t<\/div>\n\t\t\t\t\t<\/div>\n\t\t<\/div>\n\t\t\t\t\t<\/div>\n\t\t<\/section>\n\t\t\t\t<section class=\"elementor-section elementor-top-section elementor-element elementor-element-d4058ec elementor-section-boxed elementor-section-height-default elementor-section-height-default\" data-id=\"d4058ec\" data-element_type=\"section\" data-e-type=\"section\">\n\t\t\t\t\t\t<div class=\"elementor-container elementor-column-gap-default\">\n\t\t\t\t\t<div class=\"elementor-column elementor-col-20 elementor-top-column elementor-element elementor-element-9a737e4\" data-id=\"9a737e4\" data-element_type=\"column\" data-e-type=\"column\">\n\t\t\t<div class=\"elementor-widget-wrap elementor-element-populated\">\n\t\t\t\t\t\t<div class=\"elementor-element elementor-element-7fdf193 elementor-position-top elementor-widget elementor-widget-image-box\" data-id=\"7fdf193\" data-element_type=\"widget\" data-e-type=\"widget\" data-widget_type=\"image-box.default\">\n\t\t\t\t<div class=\"elementor-widget-container\">\n\t\t\t\t\t<div class=\"elementor-image-box-wrapper\"><figure class=\"elementor-image-box-img\"><img loading=\"lazy\" decoding=\"async\" width=\"1080\" height=\"1080\" src=\"https:\/\/corporacionlyceumeducar.ec\/Inicio\/wp-content\/uploads\/2026\/02\/Ficha-de-Incripcion-2.png\" class=\"attachment-full size-full wp-image-2632\" alt=\"\" srcset=\"https:\/\/corporacionlyceumeducar.ec\/Inicio\/wp-content\/uploads\/2026\/02\/Ficha-de-Incripcion-2.png 1080w, https:\/\/corporacionlyceumeducar.ec\/Inicio\/wp-content\/uploads\/2026\/02\/Ficha-de-Incripcion-2-300x300.png 300w, https:\/\/corporacionlyceumeducar.ec\/Inicio\/wp-content\/uploads\/2026\/02\/Ficha-de-Incripcion-2-150x150.png 150w, https:\/\/corporacionlyceumeducar.ec\/Inicio\/wp-content\/uploads\/2026\/02\/Ficha-de-Incripcion-2-768x768.png 768w\" sizes=\"(max-width: 1080px) 100vw, 1080px\" \/><\/figure><div class=\"elementor-image-box-content\"><p class=\"elementor-image-box-description\">Ficha de Inscripci\u00f3n<\/p><\/div><\/div>\t\t\t\t<\/div>\n\t\t\t\t<\/div>\n\t\t\t\t\t<\/div>\n\t\t<\/div>\n\t\t\t\t<div class=\"elementor-column elementor-col-20 elementor-top-column elementor-element elementor-element-303e0da\" data-id=\"303e0da\" data-element_type=\"column\" data-e-type=\"column\">\n\t\t\t<div class=\"elementor-widget-wrap elementor-element-populated\">\n\t\t\t\t\t\t<div class=\"elementor-element elementor-element-776d4e3 elementor-position-top elementor-widget elementor-widget-image-box\" data-id=\"776d4e3\" data-element_type=\"widget\" data-e-type=\"widget\" data-widget_type=\"image-box.default\">\n\t\t\t\t<div class=\"elementor-widget-container\">\n\t\t\t\t\t<div class=\"elementor-image-box-wrapper\"><figure class=\"elementor-image-box-img\"><img loading=\"lazy\" decoding=\"async\" width=\"1080\" height=\"1080\" src=\"https:\/\/corporacionlyceumeducar.ec\/Inicio\/wp-content\/uploads\/2026\/02\/Cedula-2.png\" class=\"attachment-full size-full wp-image-2815\" alt=\"\" srcset=\"https:\/\/corporacionlyceumeducar.ec\/Inicio\/wp-content\/uploads\/2026\/02\/Cedula-2.png 1080w, https:\/\/corporacionlyceumeducar.ec\/Inicio\/wp-content\/uploads\/2026\/02\/Cedula-2-300x300.png 300w, https:\/\/corporacionlyceumeducar.ec\/Inicio\/wp-content\/uploads\/2026\/02\/Cedula-2-150x150.png 150w, https:\/\/corporacionlyceumeducar.ec\/Inicio\/wp-content\/uploads\/2026\/02\/Cedula-2-768x768.png 768w\" sizes=\"(max-width: 1080px) 100vw, 1080px\" \/><\/figure><div class=\"elementor-image-box-content\"><p class=\"elementor-image-box-description\">Copia de c\u00e9dula<\/p><\/div><\/div>\t\t\t\t<\/div>\n\t\t\t\t<\/div>\n\t\t\t\t\t<\/div>\n\t\t<\/div>\n\t\t\t\t<div class=\"elementor-column elementor-col-20 elementor-top-column elementor-element elementor-element-e7681ae\" data-id=\"e7681ae\" data-element_type=\"column\" data-e-type=\"column\">\n\t\t\t<div class=\"elementor-widget-wrap elementor-element-populated\">\n\t\t\t\t\t\t<div class=\"elementor-element elementor-element-2cf8aa8 elementor-position-top elementor-widget elementor-widget-image-box\" data-id=\"2cf8aa8\" data-element_type=\"widget\" data-e-type=\"widget\" data-widget_type=\"image-box.default\">\n\t\t\t\t<div class=\"elementor-widget-container\">\n\t\t\t\t\t<div class=\"elementor-image-box-wrapper\"><figure class=\"elementor-image-box-img\"><img loading=\"lazy\" decoding=\"async\" width=\"1080\" height=\"1080\" src=\"https:\/\/corporacionlyceumeducar.ec\/Inicio\/wp-content\/uploads\/2026\/02\/Titulo-de-Bachiller-2.png\" class=\"attachment-full size-full wp-image-2816\" alt=\"\" srcset=\"https:\/\/corporacionlyceumeducar.ec\/Inicio\/wp-content\/uploads\/2026\/02\/Titulo-de-Bachiller-2.png 1080w, https:\/\/corporacionlyceumeducar.ec\/Inicio\/wp-content\/uploads\/2026\/02\/Titulo-de-Bachiller-2-300x300.png 300w, https:\/\/corporacionlyceumeducar.ec\/Inicio\/wp-content\/uploads\/2026\/02\/Titulo-de-Bachiller-2-150x150.png 150w, https:\/\/corporacionlyceumeducar.ec\/Inicio\/wp-content\/uploads\/2026\/02\/Titulo-de-Bachiller-2-768x768.png 768w\" sizes=\"(max-width: 1080px) 100vw, 1080px\" \/><\/figure><div class=\"elementor-image-box-content\"><p class=\"elementor-image-box-description\">T\u00edtulo de Bachiller o Acta de Grado<\/p><\/div><\/div>\t\t\t\t<\/div>\n\t\t\t\t<\/div>\n\t\t\t\t\t<\/div>\n\t\t<\/div>\n\t\t\t\t<div class=\"elementor-column elementor-col-20 elementor-top-column elementor-element elementor-element-36b58b0\" data-id=\"36b58b0\" data-element_type=\"column\" data-e-type=\"column\">\n\t\t\t<div class=\"elementor-widget-wrap elementor-element-populated\">\n\t\t\t\t\t\t<div class=\"elementor-element elementor-element-26e2b3a elementor-position-top elementor-widget elementor-widget-image-box\" data-id=\"26e2b3a\" data-element_type=\"widget\" data-e-type=\"widget\" data-widget_type=\"image-box.default\">\n\t\t\t\t<div class=\"elementor-widget-container\">\n\t\t\t\t\t<div class=\"elementor-image-box-wrapper\"><figure class=\"elementor-image-box-img\"><img loading=\"lazy\" decoding=\"async\" width=\"1080\" height=\"1080\" src=\"https:\/\/corporacionlyceumeducar.ec\/Inicio\/wp-content\/uploads\/2026\/02\/Planilla-de-Servicio-Basico-2.png\" class=\"attachment-full size-full wp-image-2817\" alt=\"\" srcset=\"https:\/\/corporacionlyceumeducar.ec\/Inicio\/wp-content\/uploads\/2026\/02\/Planilla-de-Servicio-Basico-2.png 1080w, https:\/\/corporacionlyceumeducar.ec\/Inicio\/wp-content\/uploads\/2026\/02\/Planilla-de-Servicio-Basico-2-300x300.png 300w, https:\/\/corporacionlyceumeducar.ec\/Inicio\/wp-content\/uploads\/2026\/02\/Planilla-de-Servicio-Basico-2-150x150.png 150w, https:\/\/corporacionlyceumeducar.ec\/Inicio\/wp-content\/uploads\/2026\/02\/Planilla-de-Servicio-Basico-2-768x768.png 768w\" sizes=\"(max-width: 1080px) 100vw, 1080px\" \/><\/figure><div class=\"elementor-image-box-content\"><p class=\"elementor-image-box-description\">Planilla de Servicios B\u00e1sicos<\/p><\/div><\/div>\t\t\t\t<\/div>\n\t\t\t\t<\/div>\n\t\t\t\t\t<\/div>\n\t\t<\/div>\n\t\t\t\t<div class=\"elementor-column elementor-col-20 elementor-top-column elementor-element elementor-element-f2c2994\" data-id=\"f2c2994\" data-element_type=\"column\" data-e-type=\"column\">\n\t\t\t<div class=\"elementor-widget-wrap elementor-element-populated\">\n\t\t\t\t\t\t<div class=\"elementor-element elementor-element-828d330 elementor-position-top elementor-widget elementor-widget-image-box\" data-id=\"828d330\" data-element_type=\"widget\" data-e-type=\"widget\" data-widget_type=\"image-box.default\">\n\t\t\t\t<div class=\"elementor-widget-container\">\n\t\t\t\t\t<div class=\"elementor-image-box-wrapper\"><figure class=\"elementor-image-box-img\"><img loading=\"lazy\" decoding=\"async\" width=\"1080\" height=\"1080\" src=\"https:\/\/corporacionlyceumeducar.ec\/Inicio\/wp-content\/uploads\/2026\/02\/Comprobante-de-Pago-2.png\" class=\"attachment-full size-full wp-image-2633\" alt=\"\" srcset=\"https:\/\/corporacionlyceumeducar.ec\/Inicio\/wp-content\/uploads\/2026\/02\/Comprobante-de-Pago-2.png 1080w, https:\/\/corporacionlyceumeducar.ec\/Inicio\/wp-content\/uploads\/2026\/02\/Comprobante-de-Pago-2-300x300.png 300w, https:\/\/corporacionlyceumeducar.ec\/Inicio\/wp-content\/uploads\/2026\/02\/Comprobante-de-Pago-2-150x150.png 150w, https:\/\/corporacionlyceumeducar.ec\/Inicio\/wp-content\/uploads\/2026\/02\/Comprobante-de-Pago-2-768x768.png 768w\" sizes=\"(max-width: 1080px) 100vw, 1080px\" \/><\/figure><div class=\"elementor-image-box-content\"><p class=\"elementor-image-box-description\">Comprobante de pago<\/p><\/div><\/div>\t\t\t\t<\/div>\n\t\t\t\t<\/div>\n\t\t\t\t\t<\/div>\n\t\t<\/div>\n\t\t\t\t\t<\/div>\n\t\t<\/section>\n\t\t\t\t<section class=\"elementor-section elementor-top-section elementor-element elementor-element-43be99c elementor-section-boxed elementor-section-height-default elementor-section-height-default\" data-id=\"43be99c\" data-element_type=\"section\" data-e-type=\"section\">\n\t\t\t\t\t\t<div class=\"elementor-container elementor-column-gap-default\">\n\t\t\t\t\t<div class=\"elementor-column elementor-col-100 elementor-top-column elementor-element elementor-element-2e68bb8\" data-id=\"2e68bb8\" data-element_type=\"column\" data-e-type=\"column\">\n\t\t\t<div class=\"elementor-widget-wrap\">\n\t\t\t\t\t\t\t<\/div>\n\t\t<\/div>\n\t\t\t\t\t<\/div>\n\t\t<\/section>\n\t\t\t\t<section class=\"elementor-section elementor-top-section elementor-element elementor-element-9702f09 elementor-section-boxed elementor-section-height-default elementor-section-height-default\" data-id=\"9702f09\" data-element_type=\"section\" data-e-type=\"section\">\n\t\t\t\t\t\t<div class=\"elementor-container elementor-column-gap-default\">\n\t\t\t\t\t<div class=\"elementor-column elementor-col-100 elementor-top-column elementor-element elementor-element-ce3c6be\" data-id=\"ce3c6be\" data-element_type=\"column\" data-e-type=\"column\">\n\t\t\t<div class=\"elementor-widget-wrap elementor-element-populated\">\n\t\t\t\t\t\t<div class=\"elementor-element elementor-element-4e9a4e0 elementor-widget elementor-widget-text-editor\" data-id=\"4e9a4e0\" data-element_type=\"widget\" data-e-type=\"widget\" data-widget_type=\"text-editor.default\">\n\t\t\t\t<div class=\"elementor-widget-container\">\n\t\t\t\t\t\t\t\t\t<p><strong>MALLA CURRICULAR<\/strong><\/p>\t\t\t\t\t\t\t\t<\/div>\n\t\t\t\t<\/div>\n\t\t\t\t<div class=\"elementor-element elementor-element-2935e81 elementor-align-center elementor-widget elementor-widget-button\" data-id=\"2935e81\" data-element_type=\"widget\" data-e-type=\"widget\" data-widget_type=\"button.default\">\n\t\t\t\t<div class=\"elementor-widget-container\">\n\t\t\t\t\t\t\t\t\t<div class=\"elementor-button-wrapper\">\n\t\t\t\t\t<a class=\"elementor-button elementor-button-link elementor-size-sm\" href=\"https:\/\/drive.google.com\/file\/d\/1sh20coIrTKfc_6R3lv-E46Lk-E4Wh007\/view\">\n\t\t\t\t\t\t<span class=\"elementor-button-content-wrapper\">\n\t\t\t\t\t\t\t\t\t<span class=\"elementor-button-text\">Descarga aqu\u00ed<\/span>\n\t\t\t\t\t<\/span>\n\t\t\t\t\t<\/a>\n\t\t\t\t<\/div>\n\t\t\t\t\t\t\t\t<\/div>\n\t\t\t\t<\/div>\n\t\t\t\t\t<\/div>\n\t\t<\/div>\n\t\t\t\t\t<\/div>\n\t\t<\/section>\n\t\t\t\t<\/div>\n\t\t","protected":false},"excerpt":{"rendered":"<p>Descripci\u00f3n de la carrera La Licenciatura en Administraci\u00f3n de Empresas con menci\u00f3n en Gesti\u00f3n de Talento Humano\u00a0forma profesionales estrat\u00e9gicos dedicados a atraer, desarrollar, motivar y retener al personal, optimizando el capital humano para alcanzar los objetivos organizacionales. Combina la administraci\u00f3n moderna con herramientas innovadoras para liderar equipos, gestionar el clima laboral, la cultura organizacional, selecci\u00f3n, [&hellip;]<\/p>\n","protected":false},"author":1,"featured_media":0,"parent":0,"menu_order":0,"comment_status":"closed","ping_status":"closed","template":"","meta":{"_sitemap_exclude":false,"_sitemap_priority":"","_sitemap_frequency":"","site-sidebar-layout":"no-sidebar","site-content-layout":"page-builder","ast-site-content-layout":"full-width-container","site-content-style":"unboxed","site-sidebar-style":"unboxed","ast-global-header-display":"","ast-banner-title-visibility":"","ast-main-header-display":"","ast-hfb-above-header-display":"","ast-hfb-below-header-display":"","ast-hfb-mobile-header-display":"","site-post-title":"disabled","ast-breadcrumbs-content":"","ast-featured-img":"disabled","footer-sml-layout":"","ast-disable-related-posts":"","theme-transparent-header-meta":"","adv-header-id-meta":"","stick-header-meta":"","header-above-stick-meta":"","header-main-stick-meta":"","header-below-stick-meta":"","astra-migrate-meta-layouts":"set","ast-page-background-enabled":"default","ast-page-background-meta":{"desktop":{"background-color":"var(--ast-global-color-4)","background-image":"","background-repeat":"repeat","background-position":"center center","background-size":"auto","background-attachment":"scroll","background-type":"","background-media":"","overlay-type":"","overlay-color":"","overlay-opacity":"","overlay-gradient":""},"tablet":{"background-color":"","background-image":"","background-repeat":"repeat","background-position":"center center","background-size":"auto","background-attachment":"scroll","background-type":"","background-media":"","overlay-type":"","overlay-color":"","overlay-opacity":"","overlay-gradient":""},"mobile":{"background-color":"","background-image":"","background-repeat":"repeat","background-position":"center center","background-size":"auto","background-attachment":"scroll","background-type":"","background-media":"","overlay-type":"","overlay-color":"","overlay-opacity":"","overlay-gradient":""}},"ast-content-background-meta":{"desktop":{"background-color":"var(--ast-global-color-5)","background-image":"","background-repeat":"repeat","background-position":"center center","background-size":"auto","background-attachment":"scroll","background-type":"","background-media":"","overlay-type":"","overlay-color":"","overlay-opacity":"","overlay-gradient":""},"tablet":{"background-color":"var(--ast-global-color-5)","background-image":"","background-repeat":"repeat","background-position":"center center","background-size":"auto","background-attachment":"scroll","background-type":"","background-media":"","overlay-type":"","overlay-color":"","overlay-opacity":"","overlay-gradient":""},"mobile":{"background-color":"var(--ast-global-color-5)","background-image":"","background-repeat":"repeat","background-position":"center center","background-size":"auto","background-attachment":"scroll","background-type":"","background-media":"","overlay-type":"","overlay-color":"","overlay-opacity":"","overlay-gradient":""}},"footnotes":""},"class_list":["post-3093","page","type-page","status-publish","hentry"],"yoast_head":"<!-- This site is optimized with the Yoast SEO plugin v27.5 - https:\/\/yoast.com\/product\/yoast-seo-wordpress\/ -->\n<title>Periodismo Digital - Corporaci\u00f3n Lyceum Educar S.A.S.<\/title>\n<meta name=\"robots\" content=\"index, follow, max-snippet:-1, max-image-preview:large, max-video-preview:-1\" \/>\n<link rel=\"canonical\" href=\"https:\/\/corporacionlyceumeducar.ec\/Inicio\/periodismo-digital\/\" \/>\n<meta property=\"og:locale\" content=\"es_ES\" \/>\n<meta property=\"og:type\" content=\"article\" \/>\n<meta property=\"og:title\" content=\"Periodismo Digital - Corporaci\u00f3n Lyceum Educar S.A.S.\" \/>\n<meta property=\"og:description\" content=\"Descripci\u00f3n de la carrera La Licenciatura en Administraci\u00f3n de Empresas con menci\u00f3n en Gesti\u00f3n de Talento Humano\u00a0forma profesionales estrat\u00e9gicos dedicados a atraer, desarrollar, motivar y retener al personal, optimizando el capital humano para alcanzar los objetivos organizacionales. Combina la administraci\u00f3n moderna con herramientas innovadoras para liderar equipos, gestionar el clima laboral, la cultura organizacional, selecci\u00f3n, [&hellip;]\" \/>\n<meta property=\"og:url\" content=\"https:\/\/corporacionlyceumeducar.ec\/Inicio\/periodismo-digital\/\" \/>\n<meta property=\"og:site_name\" content=\"Corporaci\u00f3n Lyceum Educar S.A.S.\" \/>\n<meta property=\"article:modified_time\" content=\"2026-02-26T21:46:15+00:00\" \/>\n<meta property=\"og:image\" content=\"https:\/\/corporacionlyceumeducar.ec\/Inicio\/wp-content\/uploads\/2026\/02\/CERTIFICADO-LABORAL.png\" \/>\n<meta name=\"twitter:card\" content=\"summary_large_image\" \/>\n<meta name=\"twitter:label1\" content=\"Tiempo de lectura\" \/>\n\t<meta name=\"twitter:data1\" content=\"2 minutos\" \/>\n<script type=\"application\/ld+json\" class=\"yoast-schema-graph\">{\"@context\":\"https:\\\/\\\/schema.org\",\"@graph\":[{\"@type\":\"WebPage\",\"@id\":\"https:\\\/\\\/corporacionlyceumeducar.ec\\\/Inicio\\\/periodismo-digital\\\/\",\"url\":\"https:\\\/\\\/corporacionlyceumeducar.ec\\\/Inicio\\\/periodismo-digital\\\/\",\"name\":\"Periodismo Digital - Corporaci\u00f3n Lyceum Educar S.A.S.\",\"isPartOf\":{\"@id\":\"https:\\\/\\\/corporacionlyceumeducar.ec\\\/Inicio\\\/#website\"},\"primaryImageOfPage\":{\"@id\":\"https:\\\/\\\/corporacionlyceumeducar.ec\\\/Inicio\\\/periodismo-digital\\\/#primaryimage\"},\"image\":{\"@id\":\"https:\\\/\\\/corporacionlyceumeducar.ec\\\/Inicio\\\/periodismo-digital\\\/#primaryimage\"},\"thumbnailUrl\":\"https:\\\/\\\/corporacionlyceumeducar.ec\\\/Inicio\\\/wp-content\\\/uploads\\\/2026\\\/02\\\/CERTIFICADO-LABORAL.png\",\"datePublished\":\"2026-02-26T21:33:51+00:00\",\"dateModified\":\"2026-02-26T21:46:15+00:00\",\"breadcrumb\":{\"@id\":\"https:\\\/\\\/corporacionlyceumeducar.ec\\\/Inicio\\\/periodismo-digital\\\/#breadcrumb\"},\"inLanguage\":\"es\",\"potentialAction\":[{\"@type\":\"ReadAction\",\"target\":[\"https:\\\/\\\/corporacionlyceumeducar.ec\\\/Inicio\\\/periodismo-digital\\\/\"]}]},{\"@type\":\"ImageObject\",\"inLanguage\":\"es\",\"@id\":\"https:\\\/\\\/corporacionlyceumeducar.ec\\\/Inicio\\\/periodismo-digital\\\/#primaryimage\",\"url\":\"https:\\\/\\\/corporacionlyceumeducar.ec\\\/Inicio\\\/wp-content\\\/uploads\\\/2026\\\/02\\\/CERTIFICADO-LABORAL.png\",\"contentUrl\":\"https:\\\/\\\/corporacionlyceumeducar.ec\\\/Inicio\\\/wp-content\\\/uploads\\\/2026\\\/02\\\/CERTIFICADO-LABORAL.png\",\"width\":1080,\"height\":1080},{\"@type\":\"BreadcrumbList\",\"@id\":\"https:\\\/\\\/corporacionlyceumeducar.ec\\\/Inicio\\\/periodismo-digital\\\/#breadcrumb\",\"itemListElement\":[{\"@type\":\"ListItem\",\"position\":1,\"name\":\"Portada\",\"item\":\"https:\\\/\\\/corporacionlyceumeducar.ec\\\/Inicio\\\/\"},{\"@type\":\"ListItem\",\"position\":2,\"name\":\"Periodismo Digital\"}]},{\"@type\":\"WebSite\",\"@id\":\"https:\\\/\\\/corporacionlyceumeducar.ec\\\/Inicio\\\/#website\",\"url\":\"https:\\\/\\\/corporacionlyceumeducar.ec\\\/Inicio\\\/\",\"name\":\"Corporaci\u00f3n Lyceum Educar\",\"description\":\"Educaci\u00f3n en L\u00ednea\",\"publisher\":{\"@id\":\"https:\\\/\\\/corporacionlyceumeducar.ec\\\/Inicio\\\/#organization\"},\"alternateName\":\"Lyceum Educar\",\"potentialAction\":[{\"@type\":\"SearchAction\",\"target\":{\"@type\":\"EntryPoint\",\"urlTemplate\":\"https:\\\/\\\/corporacionlyceumeducar.ec\\\/Inicio\\\/?s={search_term_string}\"},\"query-input\":{\"@type\":\"PropertyValueSpecification\",\"valueRequired\":true,\"valueName\":\"search_term_string\"}}],\"inLanguage\":\"es\"},{\"@type\":\"Organization\",\"@id\":\"https:\\\/\\\/corporacionlyceumeducar.ec\\\/Inicio\\\/#organization\",\"name\":\"Corporaci\u00f3n Lyceumeducar S.A.S. 2022\",\"url\":\"https:\\\/\\\/corporacionlyceumeducar.ec\\\/Inicio\\\/\",\"logo\":{\"@type\":\"ImageObject\",\"inLanguage\":\"es\",\"@id\":\"https:\\\/\\\/corporacionlyceumeducar.ec\\\/Inicio\\\/#\\\/schema\\\/logo\\\/image\\\/\",\"url\":\"https:\\\/\\\/corporacionlyceumeducar.ec\\\/Inicio\\\/wp-content\\\/uploads\\\/2022\\\/03\\\/cropped-LOGO-CORPORACION-EDUCAR-1-1.jpg\",\"contentUrl\":\"https:\\\/\\\/corporacionlyceumeducar.ec\\\/Inicio\\\/wp-content\\\/uploads\\\/2022\\\/03\\\/cropped-LOGO-CORPORACION-EDUCAR-1-1.jpg\",\"width\":717,\"height\":252,\"caption\":\"Corporaci\u00f3n Lyceumeducar S.A.S. 2022\"},\"image\":{\"@id\":\"https:\\\/\\\/corporacionlyceumeducar.ec\\\/Inicio\\\/#\\\/schema\\\/logo\\\/image\\\/\"}}]}<\/script>\n<!-- \/ Yoast SEO plugin. -->","yoast_head_json":{"title":"Periodismo Digital - Corporaci\u00f3n Lyceum Educar S.A.S.","robots":{"index":"index","follow":"follow","max-snippet":"max-snippet:-1","max-image-preview":"max-image-preview:large","max-video-preview":"max-video-preview:-1"},"canonical":"https:\/\/corporacionlyceumeducar.ec\/Inicio\/periodismo-digital\/","og_locale":"es_ES","og_type":"article","og_title":"Periodismo Digital - Corporaci\u00f3n Lyceum Educar S.A.S.","og_description":"Descripci\u00f3n de la carrera La Licenciatura en Administraci\u00f3n de Empresas con menci\u00f3n en Gesti\u00f3n de Talento Humano\u00a0forma profesionales estrat\u00e9gicos dedicados a atraer, desarrollar, motivar y retener al personal, optimizando el capital humano para alcanzar los objetivos organizacionales. Combina la administraci\u00f3n moderna con herramientas innovadoras para liderar equipos, gestionar el clima laboral, la cultura organizacional, selecci\u00f3n, [&hellip;]","og_url":"https:\/\/corporacionlyceumeducar.ec\/Inicio\/periodismo-digital\/","og_site_name":"Corporaci\u00f3n Lyceum Educar S.A.S.","article_modified_time":"2026-02-26T21:46:15+00:00","og_image":[{"url":"https:\/\/corporacionlyceumeducar.ec\/Inicio\/wp-content\/uploads\/2026\/02\/CERTIFICADO-LABORAL.png","type":"","width":"","height":""}],"twitter_card":"summary_large_image","twitter_misc":{"Tiempo de lectura":"2 minutos"},"schema":{"@context":"https:\/\/schema.org","@graph":[{"@type":"WebPage","@id":"https:\/\/corporacionlyceumeducar.ec\/Inicio\/periodismo-digital\/","url":"https:\/\/corporacionlyceumeducar.ec\/Inicio\/periodismo-digital\/","name":"Periodismo Digital - Corporaci\u00f3n Lyceum Educar S.A.S.","isPartOf":{"@id":"https:\/\/corporacionlyceumeducar.ec\/Inicio\/#website"},"primaryImageOfPage":{"@id":"https:\/\/corporacionlyceumeducar.ec\/Inicio\/periodismo-digital\/#primaryimage"},"image":{"@id":"https:\/\/corporacionlyceumeducar.ec\/Inicio\/periodismo-digital\/#primaryimage"},"thumbnailUrl":"https:\/\/corporacionlyceumeducar.ec\/Inicio\/wp-content\/uploads\/2026\/02\/CERTIFICADO-LABORAL.png","datePublished":"2026-02-26T21:33:51+00:00","dateModified":"2026-02-26T21:46:15+00:00","breadcrumb":{"@id":"https:\/\/corporacionlyceumeducar.ec\/Inicio\/periodismo-digital\/#breadcrumb"},"inLanguage":"es","potentialAction":[{"@type":"ReadAction","target":["https:\/\/corporacionlyceumeducar.ec\/Inicio\/periodismo-digital\/"]}]},{"@type":"ImageObject","inLanguage":"es","@id":"https:\/\/corporacionlyceumeducar.ec\/Inicio\/periodismo-digital\/#primaryimage","url":"https:\/\/corporacionlyceumeducar.ec\/Inicio\/wp-content\/uploads\/2026\/02\/CERTIFICADO-LABORAL.png","contentUrl":"https:\/\/corporacionlyceumeducar.ec\/Inicio\/wp-content\/uploads\/2026\/02\/CERTIFICADO-LABORAL.png","width":1080,"height":1080},{"@type":"BreadcrumbList","@id":"https:\/\/corporacionlyceumeducar.ec\/Inicio\/periodismo-digital\/#breadcrumb","itemListElement":[{"@type":"ListItem","position":1,"name":"Portada","item":"https:\/\/corporacionlyceumeducar.ec\/Inicio\/"},{"@type":"ListItem","position":2,"name":"Periodismo Digital"}]},{"@type":"WebSite","@id":"https:\/\/corporacionlyceumeducar.ec\/Inicio\/#website","url":"https:\/\/corporacionlyceumeducar.ec\/Inicio\/","name":"Corporaci\u00f3n Lyceum Educar","description":"Educaci\u00f3n en L\u00ednea","publisher":{"@id":"https:\/\/corporacionlyceumeducar.ec\/Inicio\/#organization"},"alternateName":"Lyceum Educar","potentialAction":[{"@type":"SearchAction","target":{"@type":"EntryPoint","urlTemplate":"https:\/\/corporacionlyceumeducar.ec\/Inicio\/?s={search_term_string}"},"query-input":{"@type":"PropertyValueSpecification","valueRequired":true,"valueName":"search_term_string"}}],"inLanguage":"es"},{"@type":"Organization","@id":"https:\/\/corporacionlyceumeducar.ec\/Inicio\/#organization","name":"Corporaci\u00f3n Lyceumeducar S.A.S. 2022","url":"https:\/\/corporacionlyceumeducar.ec\/Inicio\/","logo":{"@type":"ImageObject","inLanguage":"es","@id":"https:\/\/corporacionlyceumeducar.ec\/Inicio\/#\/schema\/logo\/image\/","url":"https:\/\/corporacionlyceumeducar.ec\/Inicio\/wp-content\/uploads\/2022\/03\/cropped-LOGO-CORPORACION-EDUCAR-1-1.jpg","contentUrl":"https:\/\/corporacionlyceumeducar.ec\/Inicio\/wp-content\/uploads\/2022\/03\/cropped-LOGO-CORPORACION-EDUCAR-1-1.jpg","width":717,"height":252,"caption":"Corporaci\u00f3n Lyceumeducar S.A.S. 2022"},"image":{"@id":"https:\/\/corporacionlyceumeducar.ec\/Inicio\/#\/schema\/logo\/image\/"}}]}},"_links":{"self":[{"href":"https:\/\/corporacionlyceumeducar.ec\/Inicio\/wp-json\/wp\/v2\/pages\/3093","targetHints":{"allow":["GET"]}}],"collection":[{"href":"https:\/\/corporacionlyceumeducar.ec\/Inicio\/wp-json\/wp\/v2\/pages"}],"about":[{"href":"https:\/\/corporacionlyceumeducar.ec\/Inicio\/wp-json\/wp\/v2\/types\/page"}],"author":[{"embeddable":true,"href":"https:\/\/corporacionlyceumeducar.ec\/Inicio\/wp-json\/wp\/v2\/users\/1"}],"replies":[{"embeddable":true,"href":"https:\/\/corporacionlyceumeducar.ec\/Inicio\/wp-json\/wp\/v2\/comments?post=3093"}],"version-history":[{"count":4,"href":"https:\/\/corporacionlyceumeducar.ec\/Inicio\/wp-json\/wp\/v2\/pages\/3093\/revisions"}],"predecessor-version":[{"id":3109,"href":"https:\/\/corporacionlyceumeducar.ec\/Inicio\/wp-json\/wp\/v2\/pages\/3093\/revisions\/3109"}],"wp:attachment":[{"href":"https:\/\/corporacionlyceumeducar.ec\/Inicio\/wp-json\/wp\/v2\/media?parent=3093"}],"curies":[{"name":"wp","href":"https:\/\/api.w.org\/{rel}","templated":true}]}}