{"id":2149,"date":"2023-06-13T22:24:26","date_gmt":"2023-06-13T22:24:26","guid":{"rendered":"https:\/\/corporacionlyceumeducar.ec\/Inicio\/?page_id=2149"},"modified":"2023-06-21T15:03:09","modified_gmt":"2023-06-21T20:03:09","slug":"ingenierias","status":"publish","type":"page","link":"https:\/\/corporacionlyceumeducar.ec\/Inicio\/ingenierias\/","title":{"rendered":"Ingenier\u00edas"},"content":{"rendered":"\t\t<div data-elementor-type=\"wp-page\" data-elementor-id=\"2149\" class=\"elementor elementor-2149\">\n\t\t\t\t\t\t<section class=\"elementor-section elementor-top-section elementor-element elementor-element-48bee924 elementor-section-content-middle elementor-section-boxed elementor-section-height-default elementor-section-height-default\" data-id=\"48bee924\" data-element_type=\"section\" data-e-type=\"section\" data-settings=\"{&quot;background_background&quot;:&quot;classic&quot;}\">\n\t\t\t\t\t\t\t<div class=\"elementor-background-overlay\"><\/div>\n\t\t\t\t\t\t\t<div class=\"elementor-container elementor-column-gap-no\">\n\t\t\t\t\t<div class=\"elementor-column elementor-col-100 elementor-top-column elementor-element elementor-element-331d1381\" data-id=\"331d1381\" data-element_type=\"column\" data-e-type=\"column\">\n\t\t\t<div class=\"elementor-widget-wrap elementor-element-populated\">\n\t\t\t\t\t\t<div class=\"elementor-element elementor-element-63b94436 elementor-widget elementor-widget-heading\" data-id=\"63b94436\" data-element_type=\"widget\" data-e-type=\"widget\" data-widget_type=\"heading.default\">\n\t\t\t\t<div class=\"elementor-widget-container\">\n\t\t\t\t\t<h1 class=\"elementor-heading-title elementor-size-default\">INGENIER\u00cdAS<\/h1>\t\t\t\t<\/div>\n\t\t\t\t<\/div>\n\t\t\t\t\t<\/div>\n\t\t<\/div>\n\t\t\t\t\t<\/div>\n\t\t<\/section>\n\t\t\t\t<section class=\"elementor-section elementor-top-section elementor-element elementor-element-7f2fb3fa elementor-section-content-middle elementor-reverse-mobile elementor-section-boxed elementor-section-height-default elementor-section-height-default\" data-id=\"7f2fb3fa\" data-element_type=\"section\" data-e-type=\"section\">\n\t\t\t\t\t\t<div class=\"elementor-container elementor-column-gap-no\">\n\t\t\t\t\t<div class=\"elementor-column elementor-col-50 elementor-top-column elementor-element elementor-element-2c8299c5\" data-id=\"2c8299c5\" data-element_type=\"column\" data-e-type=\"column\">\n\t\t\t<div class=\"elementor-widget-wrap elementor-element-populated\">\n\t\t\t\t\t\t<div class=\"elementor-element elementor-element-6262dd94 elementor-widget elementor-widget-heading\" data-id=\"6262dd94\" data-element_type=\"widget\" data-e-type=\"widget\" data-widget_type=\"heading.default\">\n\t\t\t\t<div class=\"elementor-widget-container\">\n\t\t\t\t\t<h4 class=\"elementor-heading-title elementor-size-default\">Agronom\u00eda<\/h4>\t\t\t\t<\/div>\n\t\t\t\t<\/div>\n\t\t\t\t<div class=\"elementor-element elementor-element-7d99f18f elementor-widget elementor-widget-text-editor\" data-id=\"7d99f18f\" data-element_type=\"widget\" data-e-type=\"widget\" data-widget_type=\"text-editor.default\">\n\t\t\t\t<div class=\"elementor-widget-container\">\n\t\t\t\t\t\t\t\t\t<p><span style=\"color: rgb(0, 66, 112); font-family: &quot;Roboto Condensed&quot;, sans-serif; font-size: 16px; text-align: justify;\">La Carrera Agronom\u00eda e<\/span><span style=\"color: rgb(0, 66, 112); font-family: &quot;Roboto Condensed&quot;, sans-serif; font-size: 16px; text-align: justify;\">stablece un proceso de formaci\u00f3n integral de profesionales socialmente comprometidos para promover el desarrollo humano sostenible, a trav\u00e9s de su activa participaci\u00f3n en la formulaci\u00f3n de pol\u00edticas, la investigaci\u00f3n y la generaci\u00f3n y transferencia de tecnolog\u00edas orientadas a lograr incrementos de productividad con rentabilidad econ\u00f3mica, social y ambiental, de los sectores productivos que utilizan los recursos naturales.&nbsp;<\/span><\/p><p><span style=\"color: rgb(0, 66, 112); font-family: &quot;Roboto Condensed&quot;, sans-serif; font-size: 16px; text-align: justify;\">El Ingeniero Agr\u00f3nomo se ubica en el campo de la producci\u00f3n Agr\u00edcola sostenible, orientando su acc\u00f3n, tanto a los sectores modernos, con elevada utilizaci\u00f3n de insumos y alta tecnolog\u00eda de bajo costo y f\u00e1cil acceso, adem\u00e1s participa activamente en la defensa y conservaci\u00f3n del medio ambiente, y de los recursos naturales.<\/span><\/p>\t\t\t\t\t\t\t\t<\/div>\n\t\t\t\t<\/div>\n\t\t\t\t<div class=\"elementor-element elementor-element-242e28d7 elementor-widget elementor-widget-button\" data-id=\"242e28d7\" data-element_type=\"widget\" data-e-type=\"widget\" data-widget_type=\"button.default\">\n\t\t\t\t<div class=\"elementor-widget-container\">\n\t\t\t\t\t\t\t\t\t<div class=\"elementor-button-wrapper\">\n\t\t\t\t\t<a class=\"elementor-button elementor-button-link elementor-size-sm elementor-animation-grow\" href=\"https:\/\/corporacionlyceumeducar.ec\/Inicio\/wp-content\/uploads\/2022\/03\/Malla-de-ing.-agronoma-ACTUAL-1-scaled.jpg\">\n\t\t\t\t\t\t<span class=\"elementor-button-content-wrapper\">\n\t\t\t\t\t\t\t\t\t<span class=\"elementor-button-text\">Ver malla<\/span>\n\t\t\t\t\t<\/span>\n\t\t\t\t\t<\/a>\n\t\t\t\t<\/div>\n\t\t\t\t\t\t\t\t<\/div>\n\t\t\t\t<\/div>\n\t\t\t\t\t<\/div>\n\t\t<\/div>\n\t\t\t\t<div class=\"elementor-column elementor-col-50 elementor-top-column elementor-element elementor-element-4f5f81a8\" data-id=\"4f5f81a8\" data-element_type=\"column\" data-e-type=\"column\">\n\t\t\t<div class=\"elementor-widget-wrap elementor-element-populated\">\n\t\t\t\t\t\t<div class=\"elementor-element elementor-element-4a66eec elementor-widget elementor-widget-image\" data-id=\"4a66eec\" data-element_type=\"widget\" data-e-type=\"widget\" data-widget_type=\"image.default\">\n\t\t\t\t<div class=\"elementor-widget-container\">\n\t\t\t\t\t\t\t\t\t\t\t\t\t\t\t<img fetchpriority=\"high\" decoding=\"async\" width=\"500\" height=\"500\" src=\"https:\/\/corporacionlyceumeducar.ec\/Inicio\/wp-content\/uploads\/2023\/06\/blue-minimalist-industrial-manufacture-logo-design-4.jpg\" class=\"attachment-full size-full wp-image-2301\" alt=\"\" srcset=\"https:\/\/corporacionlyceumeducar.ec\/Inicio\/wp-content\/uploads\/2023\/06\/blue-minimalist-industrial-manufacture-logo-design-4.jpg 500w, https:\/\/corporacionlyceumeducar.ec\/Inicio\/wp-content\/uploads\/2023\/06\/blue-minimalist-industrial-manufacture-logo-design-4-300x300.jpg 300w, https:\/\/corporacionlyceumeducar.ec\/Inicio\/wp-content\/uploads\/2023\/06\/blue-minimalist-industrial-manufacture-logo-design-4-150x150.jpg 150w\" sizes=\"(max-width: 500px) 100vw, 500px\" \/>\t\t\t\t\t\t\t\t\t\t\t\t\t\t\t<\/div>\n\t\t\t\t<\/div>\n\t\t\t\t\t<\/div>\n\t\t<\/div>\n\t\t\t\t\t<\/div>\n\t\t<\/section>\n\t\t\t\t<section class=\"elementor-section elementor-top-section elementor-element elementor-element-4138c17 elementor-section-content-middle elementor-reverse-mobile elementor-section-boxed elementor-section-height-default elementor-section-height-default\" data-id=\"4138c17\" data-element_type=\"section\" data-e-type=\"section\">\n\t\t\t\t\t\t<div class=\"elementor-container elementor-column-gap-no\">\n\t\t\t\t\t<div class=\"elementor-column elementor-col-50 elementor-top-column elementor-element elementor-element-edf4ab5\" data-id=\"edf4ab5\" data-element_type=\"column\" data-e-type=\"column\">\n\t\t\t<div class=\"elementor-widget-wrap elementor-element-populated\">\n\t\t\t\t\t\t<div class=\"elementor-element elementor-element-70f1fd4 elementor-widget elementor-widget-image\" data-id=\"70f1fd4\" data-element_type=\"widget\" data-e-type=\"widget\" data-widget_type=\"image.default\">\n\t\t\t\t<div class=\"elementor-widget-container\">\n\t\t\t\t\t\t\t\t\t\t\t\t\t\t\t<img decoding=\"async\" src=\"https:\/\/corporacionlyceumeducar.ec\/Inicio\/wp-content\/uploads\/2023\/06\/blue-minimalist-industrial-manufacture-logo-design.jpg\" title=\"\" alt=\"\" loading=\"lazy\" \/>\t\t\t\t\t\t\t\t\t\t\t\t\t\t\t<\/div>\n\t\t\t\t<\/div>\n\t\t\t\t\t<\/div>\n\t\t<\/div>\n\t\t\t\t<div class=\"elementor-column elementor-col-50 elementor-top-column elementor-element elementor-element-f09eff1\" data-id=\"f09eff1\" data-element_type=\"column\" data-e-type=\"column\">\n\t\t\t<div class=\"elementor-widget-wrap elementor-element-populated\">\n\t\t\t\t\t\t<div class=\"elementor-element elementor-element-5bc66fd elementor-widget elementor-widget-heading\" data-id=\"5bc66fd\" data-element_type=\"widget\" data-e-type=\"widget\" data-widget_type=\"heading.default\">\n\t\t\t\t<div class=\"elementor-widget-container\">\n\t\t\t\t\t<h4 class=\"elementor-heading-title elementor-size-default\">Agropecuaria<\/h4>\t\t\t\t<\/div>\n\t\t\t\t<\/div>\n\t\t\t\t<div class=\"elementor-element elementor-element-79e01fa elementor-widget elementor-widget-text-editor\" data-id=\"79e01fa\" data-element_type=\"widget\" data-e-type=\"widget\" data-widget_type=\"text-editor.default\">\n\t\t\t\t<div class=\"elementor-widget-container\">\n\t\t\t\t\t\t\t\t\t<p><span style=\"color: #004270; font-family: 'Roboto Condensed', sans-serif; font-size: 16px; text-align: justify; font-style: inherit; font-weight: inherit;\">La Carrera Agropecuaria estudia los factores que intervienen en los sistemas de producci\u00f3n, a trav\u00e9s de la caracterizaci\u00f3n del agua, suelo, plantas, animales y condiciones meteorol\u00f3gicas, para dise\u00f1ar, manejar, evaluar e innovar modelos sustentables de mayor productividad, calidad y valor agregado de los agroproductos de consumo humano, fortaleciendo la seguridad alimentaria, econom\u00eda, defensa del ambiente y contribuci\u00f3n al buen vivir de la sociedad.<\/span><\/p><p><span style=\"color: #004270; font-family: 'Roboto Condensed', sans-serif; font-size: 16px; text-align: justify; font-style: inherit; font-weight: inherit;\">Los Ingenieros Agropecuarios son profesionales responsables, \u00e9ticos e \u00edntegros, capacitados para contribuir directamente en el desarrollo agropecuario del pa\u00eds en el marco de la producci\u00f3n y Soberan\u00eda Alimentaria. A trav\u00e9s de su formaci\u00f3n profesional, dise\u00f1an, investigan y transfieren tecnolog\u00edas apropiadas, para incrementar y mejorar la producci\u00f3n y la transformaci\u00f3n de productos agropecuarios y alimentarios, bajo un esquema Sostenible de los Sistemas Agroproductivos, con el uso de tecnolog\u00edas actuales, optimizando insumos y manejando adecuadamente los recursos, a fin de no causar impactos negativos\u00a0en el ambiente, todo esto con miras a incentivar y lograr el Buen Vivir de la colectividad.<\/span><\/p>\t\t\t\t\t\t\t\t<\/div>\n\t\t\t\t<\/div>\n\t\t\t\t<div class=\"elementor-element elementor-element-38cd6e3 elementor-widget elementor-widget-button\" data-id=\"38cd6e3\" data-element_type=\"widget\" data-e-type=\"widget\" data-widget_type=\"button.default\">\n\t\t\t\t<div class=\"elementor-widget-container\">\n\t\t\t\t\t\t\t\t\t<div class=\"elementor-button-wrapper\">\n\t\t\t\t\t<a class=\"elementor-button elementor-button-link elementor-size-sm elementor-animation-grow\" href=\"https:\/\/corporacionlyceumeducar.ec\/Inicio\/wp-content\/uploads\/2022\/03\/Malla-de-ing.-agropecuaria-ACTUAL-1-scaled.jpg\">\n\t\t\t\t\t\t<span class=\"elementor-button-content-wrapper\">\n\t\t\t\t\t\t\t\t\t<span class=\"elementor-button-text\">Ver malla<\/span>\n\t\t\t\t\t<\/span>\n\t\t\t\t\t<\/a>\n\t\t\t\t<\/div>\n\t\t\t\t\t\t\t\t<\/div>\n\t\t\t\t<\/div>\n\t\t\t\t\t<\/div>\n\t\t<\/div>\n\t\t\t\t\t<\/div>\n\t\t<\/section>\n\t\t\t\t<section class=\"elementor-section elementor-top-section elementor-element elementor-element-00bb905 elementor-section-content-middle elementor-reverse-mobile elementor-section-boxed elementor-section-height-default elementor-section-height-default\" data-id=\"00bb905\" data-element_type=\"section\" data-e-type=\"section\">\n\t\t\t\t\t\t<div class=\"elementor-container elementor-column-gap-no\">\n\t\t\t\t\t<div class=\"elementor-column elementor-col-50 elementor-top-column elementor-element elementor-element-fa4dffa\" data-id=\"fa4dffa\" data-element_type=\"column\" data-e-type=\"column\">\n\t\t\t<div class=\"elementor-widget-wrap elementor-element-populated\">\n\t\t\t\t\t\t<div class=\"elementor-element elementor-element-4783ad8 elementor-widget elementor-widget-heading\" data-id=\"4783ad8\" data-element_type=\"widget\" data-e-type=\"widget\" data-widget_type=\"heading.default\">\n\t\t\t\t<div class=\"elementor-widget-container\">\n\t\t\t\t\t<h4 class=\"elementor-heading-title elementor-size-default\">Industrial<\/h4>\t\t\t\t<\/div>\n\t\t\t\t<\/div>\n\t\t\t\t<div class=\"elementor-element elementor-element-bd7a24c elementor-widget elementor-widget-text-editor\" data-id=\"bd7a24c\" data-element_type=\"widget\" data-e-type=\"widget\" data-widget_type=\"text-editor.default\">\n\t\t\t\t<div class=\"elementor-widget-container\">\n\t\t\t\t\t\t\t\t\t<p><span style=\"font-size: 12pt; font-style: inherit; font-weight: inherit; text-align: justify; color: #004270; font-family: 'Roboto Condensed', sans-serif;\">Formamos profesionales con conocimientos y competencias en operaciones, seguridad industrial, calidad, proyectos y manufactura, que les permiten generar productos y servicios y aplicar soluciones a problem\u00e1ticas industriales y empresariales de la regi\u00f3n sur y el pa\u00eds en general, enmarcados en el desarrollo sustentable y la preservaci\u00f3n del medio ambiente.<\/span><\/p><p><span style=\"font-size: 12pt; font-style: inherit; font-weight: inherit; text-align: justify; color: #004270; font-family: 'Roboto Condensed', sans-serif;\">Capacitamos a los futuros profesionales para que se desenvuelvan con \u00e9xito en industrias, empresas, organizaciones p\u00fablicas o privadas y emprendimientos que involucren la creaci\u00f3n de productos o servicios de cualquier \u00edndole y puedan fomentar la generaci\u00f3n de nueva industria con est\u00e1ndares de sostenibilidad para aportar a la cristalizaci\u00f3n de la matriz productiva del Ecuador.<\/span><\/p>\t\t\t\t\t\t\t\t<\/div>\n\t\t\t\t<\/div>\n\t\t\t\t<div class=\"elementor-element elementor-element-006a15f elementor-widget elementor-widget-button\" data-id=\"006a15f\" data-element_type=\"widget\" data-e-type=\"widget\" data-widget_type=\"button.default\">\n\t\t\t\t<div class=\"elementor-widget-container\">\n\t\t\t\t\t\t\t\t\t<div class=\"elementor-button-wrapper\">\n\t\t\t\t\t<a class=\"elementor-button elementor-button-link elementor-size-sm elementor-animation-grow\" href=\"https:\/\/corporacionlyceumeducar.ec\/Inicio\/wp-content\/uploads\/2022\/03\/Malla-de-ing-industrial-ACTUAL-1-scaled.jpg\">\n\t\t\t\t\t\t<span class=\"elementor-button-content-wrapper\">\n\t\t\t\t\t\t\t\t\t<span class=\"elementor-button-text\">Ver malla<\/span>\n\t\t\t\t\t<\/span>\n\t\t\t\t\t<\/a>\n\t\t\t\t<\/div>\n\t\t\t\t\t\t\t\t<\/div>\n\t\t\t\t<\/div>\n\t\t\t\t\t<\/div>\n\t\t<\/div>\n\t\t\t\t<div class=\"elementor-column elementor-col-50 elementor-top-column elementor-element elementor-element-204f1d3\" data-id=\"204f1d3\" data-element_type=\"column\" data-e-type=\"column\">\n\t\t\t<div class=\"elementor-widget-wrap elementor-element-populated\">\n\t\t\t\t\t\t<div class=\"elementor-element elementor-element-8b465d5 elementor-widget elementor-widget-image\" data-id=\"8b465d5\" data-element_type=\"widget\" data-e-type=\"widget\" data-widget_type=\"image.default\">\n\t\t\t\t<div class=\"elementor-widget-container\">\n\t\t\t\t\t\t\t\t\t\t\t\t\t\t\t<img decoding=\"async\" width=\"500\" height=\"500\" src=\"https:\/\/corporacionlyceumeducar.ec\/Inicio\/wp-content\/uploads\/2023\/06\/blue-minimalist-industrial-manufacture-logo-design-5.jpg\" class=\"attachment-full size-full wp-image-2303\" alt=\"\" srcset=\"https:\/\/corporacionlyceumeducar.ec\/Inicio\/wp-content\/uploads\/2023\/06\/blue-minimalist-industrial-manufacture-logo-design-5.jpg 500w, https:\/\/corporacionlyceumeducar.ec\/Inicio\/wp-content\/uploads\/2023\/06\/blue-minimalist-industrial-manufacture-logo-design-5-300x300.jpg 300w, https:\/\/corporacionlyceumeducar.ec\/Inicio\/wp-content\/uploads\/2023\/06\/blue-minimalist-industrial-manufacture-logo-design-5-150x150.jpg 150w\" sizes=\"(max-width: 500px) 100vw, 500px\" \/>\t\t\t\t\t\t\t\t\t\t\t\t\t\t\t<\/div>\n\t\t\t\t<\/div>\n\t\t\t\t\t<\/div>\n\t\t<\/div>\n\t\t\t\t\t<\/div>\n\t\t<\/section>\n\t\t\t\t<section class=\"elementor-section elementor-top-section elementor-element elementor-element-4de71cd elementor-section-content-middle elementor-reverse-mobile elementor-section-boxed elementor-section-height-default elementor-section-height-default\" data-id=\"4de71cd\" data-element_type=\"section\" data-e-type=\"section\">\n\t\t\t\t\t\t<div class=\"elementor-container elementor-column-gap-no\">\n\t\t\t\t\t<div class=\"elementor-column elementor-col-50 elementor-top-column elementor-element elementor-element-9c984b8\" data-id=\"9c984b8\" data-element_type=\"column\" data-e-type=\"column\">\n\t\t\t<div class=\"elementor-widget-wrap elementor-element-populated\">\n\t\t\t\t\t\t<div class=\"elementor-element elementor-element-15f40fb elementor-widget elementor-widget-image\" data-id=\"15f40fb\" data-element_type=\"widget\" data-e-type=\"widget\" data-widget_type=\"image.default\">\n\t\t\t\t<div class=\"elementor-widget-container\">\n\t\t\t\t\t\t\t\t\t\t\t\t\t\t\t<img decoding=\"async\" width=\"500\" height=\"500\" src=\"https:\/\/corporacionlyceumeducar.ec\/Inicio\/wp-content\/uploads\/2023\/06\/blue-minimalist-industrial-manufacture-logo-design-3.jpg\" class=\"attachment-full size-full wp-image-2300\" alt=\"\" srcset=\"https:\/\/corporacionlyceumeducar.ec\/Inicio\/wp-content\/uploads\/2023\/06\/blue-minimalist-industrial-manufacture-logo-design-3.jpg 500w, https:\/\/corporacionlyceumeducar.ec\/Inicio\/wp-content\/uploads\/2023\/06\/blue-minimalist-industrial-manufacture-logo-design-3-300x300.jpg 300w, https:\/\/corporacionlyceumeducar.ec\/Inicio\/wp-content\/uploads\/2023\/06\/blue-minimalist-industrial-manufacture-logo-design-3-150x150.jpg 150w\" sizes=\"(max-width: 500px) 100vw, 500px\" \/>\t\t\t\t\t\t\t\t\t\t\t\t\t\t\t<\/div>\n\t\t\t\t<\/div>\n\t\t\t\t\t<\/div>\n\t\t<\/div>\n\t\t\t\t<div class=\"elementor-column elementor-col-50 elementor-top-column elementor-element elementor-element-f81fe0a\" data-id=\"f81fe0a\" data-element_type=\"column\" data-e-type=\"column\">\n\t\t\t<div class=\"elementor-widget-wrap elementor-element-populated\">\n\t\t\t\t\t\t<div class=\"elementor-element elementor-element-cdd5b8f elementor-widget elementor-widget-heading\" data-id=\"cdd5b8f\" data-element_type=\"widget\" data-e-type=\"widget\" data-widget_type=\"heading.default\">\n\t\t\t\t<div class=\"elementor-widget-container\">\n\t\t\t\t\t<h4 class=\"elementor-heading-title elementor-size-default\">Gesti\u00f3n Empresarial<\/h4>\t\t\t\t<\/div>\n\t\t\t\t<\/div>\n\t\t\t\t<div class=\"elementor-element elementor-element-0841c87 elementor-widget elementor-widget-text-editor\" data-id=\"0841c87\" data-element_type=\"widget\" data-e-type=\"widget\" data-widget_type=\"text-editor.default\">\n\t\t\t\t<div class=\"elementor-widget-container\">\n\t\t\t\t\t\t\t\t\t<p><span style=\"font-size: 12pt; font-style: inherit; font-weight: inherit; text-align: justify; color: #004270; font-family: 'Roboto Condensed', sans-serif;\">Formar ingenieros con valores \u00e9ticos y profesionales, capaces de enfrentar las tendencias actuales en el campo empresarial, para asegurar el \u00e9xito de su negocio y aplicar herramientas de trabajo que permitan a las organizaciones avanzar en el desarrollo empresarial.<br \/>Proporcionar los conocimientos acad\u00e9micos necesarios con un plan de estudio debidamente aprobado.<br \/>Integrar a los estudiantes en pasant\u00edas empresariales. La carrera de Ingenier\u00eda en Gesti\u00f3n Empresarial se proyecta a tener l\u00edderes empresariales con excelente calidad humana con esp\u00edritu emprendedor y profesionalismo, dirigiendo su propia empresa o prestando servicios gerenciales.<\/span><\/p>\t\t\t\t\t\t\t\t<\/div>\n\t\t\t\t<\/div>\n\t\t\t\t<div class=\"elementor-element elementor-element-545f2f2 elementor-widget elementor-widget-button\" data-id=\"545f2f2\" data-element_type=\"widget\" data-e-type=\"widget\" data-widget_type=\"button.default\">\n\t\t\t\t<div class=\"elementor-widget-container\">\n\t\t\t\t\t\t\t\t\t<div class=\"elementor-button-wrapper\">\n\t\t\t\t\t<a class=\"elementor-button elementor-button-link elementor-size-sm elementor-animation-grow\" href=\"https:\/\/corporacionlyceumeducar.ec\/Inicio\/wp-content\/uploads\/2022\/03\/Malla-de-ing.-gestion-empresarial-ACTUAL-1-scaled.jpg\">\n\t\t\t\t\t\t<span class=\"elementor-button-content-wrapper\">\n\t\t\t\t\t\t\t\t\t<span class=\"elementor-button-text\">Ver malla<\/span>\n\t\t\t\t\t<\/span>\n\t\t\t\t\t<\/a>\n\t\t\t\t<\/div>\n\t\t\t\t\t\t\t\t<\/div>\n\t\t\t\t<\/div>\n\t\t\t\t\t<\/div>\n\t\t<\/div>\n\t\t\t\t\t<\/div>\n\t\t<\/section>\n\t\t\t\t<section class=\"elementor-section elementor-top-section elementor-element elementor-element-d7477b7 elementor-section-content-middle elementor-reverse-mobile elementor-section-boxed elementor-section-height-default elementor-section-height-default\" data-id=\"d7477b7\" data-element_type=\"section\" data-e-type=\"section\">\n\t\t\t\t\t\t<div class=\"elementor-container elementor-column-gap-no\">\n\t\t\t\t\t<div class=\"elementor-column elementor-col-50 elementor-top-column elementor-element elementor-element-f3cc9ef\" data-id=\"f3cc9ef\" data-element_type=\"column\" data-e-type=\"column\">\n\t\t\t<div class=\"elementor-widget-wrap elementor-element-populated\">\n\t\t\t\t\t\t<div class=\"elementor-element elementor-element-5070c60 elementor-widget elementor-widget-heading\" data-id=\"5070c60\" data-element_type=\"widget\" data-e-type=\"widget\" data-widget_type=\"heading.default\">\n\t\t\t\t<div class=\"elementor-widget-container\">\n\t\t\t\t\t<h4 class=\"elementor-heading-title elementor-size-default\">Sistemas<\/h4>\t\t\t\t<\/div>\n\t\t\t\t<\/div>\n\t\t\t\t<div class=\"elementor-element elementor-element-8613224 elementor-widget elementor-widget-text-editor\" data-id=\"8613224\" data-element_type=\"widget\" data-e-type=\"widget\" data-widget_type=\"text-editor.default\">\n\t\t\t\t<div class=\"elementor-widget-container\">\n\t\t\t\t\t\t\t\t\t<p><span style=\"font-size: 12pt; font-style: inherit; font-weight: inherit; text-align: justify; color: #004270; font-family: 'Roboto Condensed', sans-serif;\">Formamos profesionales con s\u00f3lidos fundamentos te\u00f3ricos y pr\u00e1cticos en el campo de los sistemas de informaci\u00f3n; y que posean las competencias para proponer soluciones a las problem\u00e1ticas de las organizaciones en el \u00e1rea de las tecnolog\u00edas, los procesos y los sistemas de informaci\u00f3n.<\/span><\/p>\n<p><span style=\"font-size: 12pt; font-style: inherit; font-weight: inherit; text-align: justify; color: #004270; font-family: 'Roboto Condensed', sans-serif;\">El Ingeniero en Sistemas es un profesional entrenado para liderar, de manera eficiente y din\u00e1mica, los procesos de transformaci\u00f3n digital en Empresas p\u00fablicas y privadas. Evaluar\u00e1, gestionar\u00e1 e implementar\u00e1 nuevas tecnolog\u00edas. Adem\u00e1s, estar\u00e1 capacitado para dirigir proyectos de Infraestructura y desarrollo de software, aplicando metodolog\u00edas enmarcadas en las buenas pr\u00e1cticas de administraci\u00f3n de proyectos.<\/span><\/p>\t\t\t\t\t\t\t\t<\/div>\n\t\t\t\t<\/div>\n\t\t\t\t<div class=\"elementor-element elementor-element-a5f1cee elementor-widget elementor-widget-button\" data-id=\"a5f1cee\" data-element_type=\"widget\" data-e-type=\"widget\" data-widget_type=\"button.default\">\n\t\t\t\t<div class=\"elementor-widget-container\">\n\t\t\t\t\t\t\t\t\t<div class=\"elementor-button-wrapper\">\n\t\t\t\t\t<a class=\"elementor-button elementor-button-link elementor-size-sm elementor-animation-grow\" href=\"https:\/\/corporacionlyceumeducar.ec\/Inicio\/wp-content\/uploads\/2022\/03\/Mallla-de-ing.-sistemas-ACTUAL-1-scaled.jpg\">\n\t\t\t\t\t\t<span class=\"elementor-button-content-wrapper\">\n\t\t\t\t\t\t\t\t\t<span class=\"elementor-button-text\">Ver malla<\/span>\n\t\t\t\t\t<\/span>\n\t\t\t\t\t<\/a>\n\t\t\t\t<\/div>\n\t\t\t\t\t\t\t\t<\/div>\n\t\t\t\t<\/div>\n\t\t\t\t\t<\/div>\n\t\t<\/div>\n\t\t\t\t<div class=\"elementor-column elementor-col-50 elementor-top-column elementor-element elementor-element-2f1fd6f\" data-id=\"2f1fd6f\" data-element_type=\"column\" data-e-type=\"column\">\n\t\t\t<div class=\"elementor-widget-wrap elementor-element-populated\">\n\t\t\t\t\t\t<div class=\"elementor-element elementor-element-a78528b elementor-widget elementor-widget-image\" data-id=\"a78528b\" data-element_type=\"widget\" data-e-type=\"widget\" data-widget_type=\"image.default\">\n\t\t\t\t<div class=\"elementor-widget-container\">\n\t\t\t\t\t\t\t\t\t\t\t\t\t\t\t<img loading=\"lazy\" decoding=\"async\" width=\"500\" height=\"500\" src=\"https:\/\/corporacionlyceumeducar.ec\/Inicio\/wp-content\/uploads\/2023\/06\/SISTEMAS.jpg\" class=\"attachment-full size-full wp-image-2302\" alt=\"\" srcset=\"https:\/\/corporacionlyceumeducar.ec\/Inicio\/wp-content\/uploads\/2023\/06\/SISTEMAS.jpg 500w, https:\/\/corporacionlyceumeducar.ec\/Inicio\/wp-content\/uploads\/2023\/06\/SISTEMAS-300x300.jpg 300w, https:\/\/corporacionlyceumeducar.ec\/Inicio\/wp-content\/uploads\/2023\/06\/SISTEMAS-150x150.jpg 150w\" sizes=\"(max-width: 500px) 100vw, 500px\" \/>\t\t\t\t\t\t\t\t\t\t\t\t\t\t\t<\/div>\n\t\t\t\t<\/div>\n\t\t\t\t\t<\/div>\n\t\t<\/div>\n\t\t\t\t\t<\/div>\n\t\t<\/section>\n\t\t\t\t<\/div>\n\t\t","protected":false},"excerpt":{"rendered":"<p>INGENIER\u00cdAS Agronom\u00eda La Carrera Agronom\u00eda establece un proceso de formaci\u00f3n integral de profesionales socialmente comprometidos para promover el desarrollo humano sostenible, a trav\u00e9s de su activa participaci\u00f3n en la formulaci\u00f3n de pol\u00edticas, la investigaci\u00f3n y la generaci\u00f3n y transferencia de tecnolog\u00edas orientadas a lograr incrementos de productividad con rentabilidad econ\u00f3mica, social y ambiental, de los [&hellip;]<\/p>\n","protected":false},"author":1,"featured_media":0,"parent":0,"menu_order":0,"comment_status":"closed","ping_status":"closed","template":"","meta":{"_sitemap_exclude":false,"_sitemap_priority":"","_sitemap_frequency":"","site-sidebar-layout":"no-sidebar","site-content-layout":"page-builder","ast-site-content-layout":"default","site-content-style":"default","site-sidebar-style":"default","ast-global-header-display":"","ast-banner-title-visibility":"","ast-main-header-display":"","ast-hfb-above-header-display":"","ast-hfb-below-header-display":"","ast-hfb-mobile-header-display":"","site-post-title":"disabled","ast-breadcrumbs-content":"","ast-featured-img":"disabled","footer-sml-layout":"","ast-disable-related-posts":"","theme-transparent-header-meta":"","adv-header-id-meta":"","stick-header-meta":"","header-above-stick-meta":"","header-main-stick-meta":"","header-below-stick-meta":"","astra-migrate-meta-layouts":"default","ast-page-background-enabled":"default","ast-page-background-meta":{"desktop":{"background-color":"var(--ast-global-color-4)","background-image":"","background-repeat":"repeat","background-position":"center center","background-size":"auto","background-attachment":"scroll","background-type":"","background-media":"","overlay-type":"","overlay-color":"","overlay-opacity":"","overlay-gradient":""},"tablet":{"background-color":"","background-image":"","background-repeat":"repeat","background-position":"center center","background-size":"auto","background-attachment":"scroll","background-type":"","background-media":"","overlay-type":"","overlay-color":"","overlay-opacity":"","overlay-gradient":""},"mobile":{"background-color":"","background-image":"","background-repeat":"repeat","background-position":"center center","background-size":"auto","background-attachment":"scroll","background-type":"","background-media":"","overlay-type":"","overlay-color":"","overlay-opacity":"","overlay-gradient":""}},"ast-content-background-meta":{"desktop":{"background-color":"var(--ast-global-color-5)","background-image":"","background-repeat":"repeat","background-position":"center center","background-size":"auto","background-attachment":"scroll","background-type":"","background-media":"","overlay-type":"","overlay-color":"","overlay-opacity":"","overlay-gradient":""},"tablet":{"background-color":"var(--ast-global-color-5)","background-image":"","background-repeat":"repeat","background-position":"center center","background-size":"auto","background-attachment":"scroll","background-type":"","background-media":"","overlay-type":"","overlay-color":"","overlay-opacity":"","overlay-gradient":""},"mobile":{"background-color":"var(--ast-global-color-5)","background-image":"","background-repeat":"repeat","background-position":"center center","background-size":"auto","background-attachment":"scroll","background-type":"","background-media":"","overlay-type":"","overlay-color":"","overlay-opacity":"","overlay-gradient":""}},"footnotes":""},"class_list":["post-2149","page","type-page","status-publish","hentry"],"yoast_head":"<!-- This site is optimized with the Yoast SEO plugin v27.5 - https:\/\/yoast.com\/product\/yoast-seo-wordpress\/ -->\n<title>Ingenier\u00edas - Corporaci\u00f3n Lyceum Educar S.A.S.<\/title>\n<meta name=\"robots\" content=\"index, follow, max-snippet:-1, max-image-preview:large, max-video-preview:-1\" \/>\n<link rel=\"canonical\" href=\"https:\/\/corporacionlyceumeducar.ec\/Inicio\/ingenierias\/\" \/>\n<meta property=\"og:locale\" content=\"es_ES\" \/>\n<meta property=\"og:type\" content=\"article\" \/>\n<meta property=\"og:title\" content=\"Ingenier\u00edas - Corporaci\u00f3n Lyceum Educar S.A.S.\" \/>\n<meta property=\"og:description\" content=\"INGENIER\u00cdAS Agronom\u00eda La Carrera Agronom\u00eda establece un proceso de formaci\u00f3n integral de profesionales socialmente comprometidos para promover el desarrollo humano sostenible, a trav\u00e9s de su activa participaci\u00f3n en la formulaci\u00f3n de pol\u00edticas, la investigaci\u00f3n y la generaci\u00f3n y transferencia de tecnolog\u00edas orientadas a lograr incrementos de productividad con rentabilidad econ\u00f3mica, social y ambiental, de los [&hellip;]\" \/>\n<meta property=\"og:url\" content=\"https:\/\/corporacionlyceumeducar.ec\/Inicio\/ingenierias\/\" \/>\n<meta property=\"og:site_name\" content=\"Corporaci\u00f3n Lyceum Educar S.A.S.\" \/>\n<meta property=\"article:modified_time\" content=\"2023-06-21T20:03:09+00:00\" \/>\n<meta property=\"og:image\" content=\"https:\/\/corporacionlyceumeducar.ec\/Inicio\/wp-content\/uploads\/2023\/06\/blue-minimalist-industrial-manufacture-logo-design-4.jpg\" \/>\n<meta name=\"twitter:card\" content=\"summary_large_image\" \/>\n<meta name=\"twitter:label1\" content=\"Tiempo de lectura\" \/>\n\t<meta name=\"twitter:data1\" content=\"3 minutos\" \/>\n<script type=\"application\/ld+json\" class=\"yoast-schema-graph\">{\"@context\":\"https:\\\/\\\/schema.org\",\"@graph\":[{\"@type\":\"WebPage\",\"@id\":\"https:\\\/\\\/corporacionlyceumeducar.ec\\\/Inicio\\\/ingenierias\\\/\",\"url\":\"https:\\\/\\\/corporacionlyceumeducar.ec\\\/Inicio\\\/ingenierias\\\/\",\"name\":\"Ingenier\u00edas - Corporaci\u00f3n Lyceum Educar S.A.S.\",\"isPartOf\":{\"@id\":\"https:\\\/\\\/corporacionlyceumeducar.ec\\\/Inicio\\\/#website\"},\"primaryImageOfPage\":{\"@id\":\"https:\\\/\\\/corporacionlyceumeducar.ec\\\/Inicio\\\/ingenierias\\\/#primaryimage\"},\"image\":{\"@id\":\"https:\\\/\\\/corporacionlyceumeducar.ec\\\/Inicio\\\/ingenierias\\\/#primaryimage\"},\"thumbnailUrl\":\"https:\\\/\\\/corporacionlyceumeducar.ec\\\/Inicio\\\/wp-content\\\/uploads\\\/2023\\\/06\\\/blue-minimalist-industrial-manufacture-logo-design-4.jpg\",\"datePublished\":\"2023-06-13T22:24:26+00:00\",\"dateModified\":\"2023-06-21T20:03:09+00:00\",\"breadcrumb\":{\"@id\":\"https:\\\/\\\/corporacionlyceumeducar.ec\\\/Inicio\\\/ingenierias\\\/#breadcrumb\"},\"inLanguage\":\"es\",\"potentialAction\":[{\"@type\":\"ReadAction\",\"target\":[\"https:\\\/\\\/corporacionlyceumeducar.ec\\\/Inicio\\\/ingenierias\\\/\"]}]},{\"@type\":\"ImageObject\",\"inLanguage\":\"es\",\"@id\":\"https:\\\/\\\/corporacionlyceumeducar.ec\\\/Inicio\\\/ingenierias\\\/#primaryimage\",\"url\":\"https:\\\/\\\/corporacionlyceumeducar.ec\\\/Inicio\\\/wp-content\\\/uploads\\\/2023\\\/06\\\/blue-minimalist-industrial-manufacture-logo-design-4.jpg\",\"contentUrl\":\"https:\\\/\\\/corporacionlyceumeducar.ec\\\/Inicio\\\/wp-content\\\/uploads\\\/2023\\\/06\\\/blue-minimalist-industrial-manufacture-logo-design-4.jpg\",\"width\":500,\"height\":500},{\"@type\":\"BreadcrumbList\",\"@id\":\"https:\\\/\\\/corporacionlyceumeducar.ec\\\/Inicio\\\/ingenierias\\\/#breadcrumb\",\"itemListElement\":[{\"@type\":\"ListItem\",\"position\":1,\"name\":\"Portada\",\"item\":\"https:\\\/\\\/corporacionlyceumeducar.ec\\\/Inicio\\\/\"},{\"@type\":\"ListItem\",\"position\":2,\"name\":\"Ingenier\u00edas\"}]},{\"@type\":\"WebSite\",\"@id\":\"https:\\\/\\\/corporacionlyceumeducar.ec\\\/Inicio\\\/#website\",\"url\":\"https:\\\/\\\/corporacionlyceumeducar.ec\\\/Inicio\\\/\",\"name\":\"Corporaci\u00f3n Lyceum Educar\",\"description\":\"Educaci\u00f3n en L\u00ednea\",\"publisher\":{\"@id\":\"https:\\\/\\\/corporacionlyceumeducar.ec\\\/Inicio\\\/#organization\"},\"alternateName\":\"Lyceum Educar\",\"potentialAction\":[{\"@type\":\"SearchAction\",\"target\":{\"@type\":\"EntryPoint\",\"urlTemplate\":\"https:\\\/\\\/corporacionlyceumeducar.ec\\\/Inicio\\\/?s={search_term_string}\"},\"query-input\":{\"@type\":\"PropertyValueSpecification\",\"valueRequired\":true,\"valueName\":\"search_term_string\"}}],\"inLanguage\":\"es\"},{\"@type\":\"Organization\",\"@id\":\"https:\\\/\\\/corporacionlyceumeducar.ec\\\/Inicio\\\/#organization\",\"name\":\"Corporaci\u00f3n Lyceumeducar S.A.S. 2022\",\"url\":\"https:\\\/\\\/corporacionlyceumeducar.ec\\\/Inicio\\\/\",\"logo\":{\"@type\":\"ImageObject\",\"inLanguage\":\"es\",\"@id\":\"https:\\\/\\\/corporacionlyceumeducar.ec\\\/Inicio\\\/#\\\/schema\\\/logo\\\/image\\\/\",\"url\":\"https:\\\/\\\/corporacionlyceumeducar.ec\\\/Inicio\\\/wp-content\\\/uploads\\\/2022\\\/03\\\/cropped-LOGO-CORPORACION-EDUCAR-1-1.jpg\",\"contentUrl\":\"https:\\\/\\\/corporacionlyceumeducar.ec\\\/Inicio\\\/wp-content\\\/uploads\\\/2022\\\/03\\\/cropped-LOGO-CORPORACION-EDUCAR-1-1.jpg\",\"width\":717,\"height\":252,\"caption\":\"Corporaci\u00f3n Lyceumeducar S.A.S. 2022\"},\"image\":{\"@id\":\"https:\\\/\\\/corporacionlyceumeducar.ec\\\/Inicio\\\/#\\\/schema\\\/logo\\\/image\\\/\"}}]}<\/script>\n<!-- \/ Yoast SEO plugin. -->","yoast_head_json":{"title":"Ingenier\u00edas - Corporaci\u00f3n Lyceum Educar S.A.S.","robots":{"index":"index","follow":"follow","max-snippet":"max-snippet:-1","max-image-preview":"max-image-preview:large","max-video-preview":"max-video-preview:-1"},"canonical":"https:\/\/corporacionlyceumeducar.ec\/Inicio\/ingenierias\/","og_locale":"es_ES","og_type":"article","og_title":"Ingenier\u00edas - Corporaci\u00f3n Lyceum Educar S.A.S.","og_description":"INGENIER\u00cdAS Agronom\u00eda La Carrera Agronom\u00eda establece un proceso de formaci\u00f3n integral de profesionales socialmente comprometidos para promover el desarrollo humano sostenible, a trav\u00e9s de su activa participaci\u00f3n en la formulaci\u00f3n de pol\u00edticas, la investigaci\u00f3n y la generaci\u00f3n y transferencia de tecnolog\u00edas orientadas a lograr incrementos de productividad con rentabilidad econ\u00f3mica, social y ambiental, de los [&hellip;]","og_url":"https:\/\/corporacionlyceumeducar.ec\/Inicio\/ingenierias\/","og_site_name":"Corporaci\u00f3n Lyceum Educar S.A.S.","article_modified_time":"2023-06-21T20:03:09+00:00","og_image":[{"url":"https:\/\/corporacionlyceumeducar.ec\/Inicio\/wp-content\/uploads\/2023\/06\/blue-minimalist-industrial-manufacture-logo-design-4.jpg","type":"","width":"","height":""}],"twitter_card":"summary_large_image","twitter_misc":{"Tiempo de lectura":"3 minutos"},"schema":{"@context":"https:\/\/schema.org","@graph":[{"@type":"WebPage","@id":"https:\/\/corporacionlyceumeducar.ec\/Inicio\/ingenierias\/","url":"https:\/\/corporacionlyceumeducar.ec\/Inicio\/ingenierias\/","name":"Ingenier\u00edas - Corporaci\u00f3n Lyceum Educar S.A.S.","isPartOf":{"@id":"https:\/\/corporacionlyceumeducar.ec\/Inicio\/#website"},"primaryImageOfPage":{"@id":"https:\/\/corporacionlyceumeducar.ec\/Inicio\/ingenierias\/#primaryimage"},"image":{"@id":"https:\/\/corporacionlyceumeducar.ec\/Inicio\/ingenierias\/#primaryimage"},"thumbnailUrl":"https:\/\/corporacionlyceumeducar.ec\/Inicio\/wp-content\/uploads\/2023\/06\/blue-minimalist-industrial-manufacture-logo-design-4.jpg","datePublished":"2023-06-13T22:24:26+00:00","dateModified":"2023-06-21T20:03:09+00:00","breadcrumb":{"@id":"https:\/\/corporacionlyceumeducar.ec\/Inicio\/ingenierias\/#breadcrumb"},"inLanguage":"es","potentialAction":[{"@type":"ReadAction","target":["https:\/\/corporacionlyceumeducar.ec\/Inicio\/ingenierias\/"]}]},{"@type":"ImageObject","inLanguage":"es","@id":"https:\/\/corporacionlyceumeducar.ec\/Inicio\/ingenierias\/#primaryimage","url":"https:\/\/corporacionlyceumeducar.ec\/Inicio\/wp-content\/uploads\/2023\/06\/blue-minimalist-industrial-manufacture-logo-design-4.jpg","contentUrl":"https:\/\/corporacionlyceumeducar.ec\/Inicio\/wp-content\/uploads\/2023\/06\/blue-minimalist-industrial-manufacture-logo-design-4.jpg","width":500,"height":500},{"@type":"BreadcrumbList","@id":"https:\/\/corporacionlyceumeducar.ec\/Inicio\/ingenierias\/#breadcrumb","itemListElement":[{"@type":"ListItem","position":1,"name":"Portada","item":"https:\/\/corporacionlyceumeducar.ec\/Inicio\/"},{"@type":"ListItem","position":2,"name":"Ingenier\u00edas"}]},{"@type":"WebSite","@id":"https:\/\/corporacionlyceumeducar.ec\/Inicio\/#website","url":"https:\/\/corporacionlyceumeducar.ec\/Inicio\/","name":"Corporaci\u00f3n Lyceum Educar","description":"Educaci\u00f3n en L\u00ednea","publisher":{"@id":"https:\/\/corporacionlyceumeducar.ec\/Inicio\/#organization"},"alternateName":"Lyceum Educar","potentialAction":[{"@type":"SearchAction","target":{"@type":"EntryPoint","urlTemplate":"https:\/\/corporacionlyceumeducar.ec\/Inicio\/?s={search_term_string}"},"query-input":{"@type":"PropertyValueSpecification","valueRequired":true,"valueName":"search_term_string"}}],"inLanguage":"es"},{"@type":"Organization","@id":"https:\/\/corporacionlyceumeducar.ec\/Inicio\/#organization","name":"Corporaci\u00f3n Lyceumeducar S.A.S. 2022","url":"https:\/\/corporacionlyceumeducar.ec\/Inicio\/","logo":{"@type":"ImageObject","inLanguage":"es","@id":"https:\/\/corporacionlyceumeducar.ec\/Inicio\/#\/schema\/logo\/image\/","url":"https:\/\/corporacionlyceumeducar.ec\/Inicio\/wp-content\/uploads\/2022\/03\/cropped-LOGO-CORPORACION-EDUCAR-1-1.jpg","contentUrl":"https:\/\/corporacionlyceumeducar.ec\/Inicio\/wp-content\/uploads\/2022\/03\/cropped-LOGO-CORPORACION-EDUCAR-1-1.jpg","width":717,"height":252,"caption":"Corporaci\u00f3n Lyceumeducar S.A.S. 2022"},"image":{"@id":"https:\/\/corporacionlyceumeducar.ec\/Inicio\/#\/schema\/logo\/image\/"}}]}},"_links":{"self":[{"href":"https:\/\/corporacionlyceumeducar.ec\/Inicio\/wp-json\/wp\/v2\/pages\/2149","targetHints":{"allow":["GET"]}}],"collection":[{"href":"https:\/\/corporacionlyceumeducar.ec\/Inicio\/wp-json\/wp\/v2\/pages"}],"about":[{"href":"https:\/\/corporacionlyceumeducar.ec\/Inicio\/wp-json\/wp\/v2\/types\/page"}],"author":[{"embeddable":true,"href":"https:\/\/corporacionlyceumeducar.ec\/Inicio\/wp-json\/wp\/v2\/users\/1"}],"replies":[{"embeddable":true,"href":"https:\/\/corporacionlyceumeducar.ec\/Inicio\/wp-json\/wp\/v2\/comments?post=2149"}],"version-history":[{"count":23,"href":"https:\/\/corporacionlyceumeducar.ec\/Inicio\/wp-json\/wp\/v2\/pages\/2149\/revisions"}],"predecessor-version":[{"id":3123,"href":"https:\/\/corporacionlyceumeducar.ec\/Inicio\/wp-json\/wp\/v2\/pages\/2149\/revisions\/3123"}],"wp:attachment":[{"href":"https:\/\/corporacionlyceumeducar.ec\/Inicio\/wp-json\/wp\/v2\/media?parent=2149"}],"curies":[{"name":"wp","href":"https:\/\/api.w.org\/{rel}","templated":true}]}}